{"version":"1.0","provider_name":"Image Sept","provider_url":"https:\/\/www.image7.fr\/en","author_name":"admin","author_url":"https:\/\/www.image7.fr\/en\/author\/admin\/","title":"102 points : la bonne temp\u00e9rature pour le climat - Image Sept","type":"rich","width":600,"height":338,"html":"<blockquote class=\"wp-embedded-content\" data-secret=\"yMyGHAnkoz\"><a href=\"https:\/\/www.image7.fr\/en\/document\/integer-quis-mauris-at-dui-rse8\/\">102 points : la bonne temp\u00e9rature pour le climat<\/a><\/blockquote><iframe sandbox=\"allow-scripts\" security=\"restricted\" src=\"https:\/\/www.image7.fr\/en\/document\/integer-quis-mauris-at-dui-rse8\/embed\/#?secret=yMyGHAnkoz\" width=\"600\" height=\"338\" title=\"\u00ab\u00a0102 points : la bonne temp\u00e9rature pour le climat\u00a0\u00bb &#8212; Image Sept\" data-secret=\"yMyGHAnkoz\" frameborder=\"0\" marginwidth=\"0\" marginheight=\"0\" scrolling=\"no\" class=\"wp-embedded-content\"><\/iframe><script type=\"text\/javascript\">\n\/* <![CDATA[ *\/\n\/*! This file is auto-generated *\/\n!function(d,l){\"use strict\";l.querySelector&&d.addEventListener&&\"undefined\"!=typeof URL&&(d.wp=d.wp||{},d.wp.receiveEmbedMessage||(d.wp.receiveEmbedMessage=function(e){var t=e.data;if((t||t.secret||t.message||t.value)&&!\/[^a-zA-Z0-9]\/.test(t.secret)){for(var s,r,n,a=l.querySelectorAll('iframe[data-secret=\"'+t.secret+'\"]'),o=l.querySelectorAll('blockquote[data-secret=\"'+t.secret+'\"]'),c=new RegExp(\"^https?:$\",\"i\"),i=0;i<o.length;i++)o[i].style.display=\"none\";for(i=0;i<a.length;i++)s=a[i],e.source===s.contentWindow&&(s.removeAttribute(\"style\"),\"height\"===t.message?(1e3<(r=parseInt(t.value,10))?r=1e3:~~r<200&&(r=200),s.height=r):\"link\"===t.message&&(r=new URL(s.getAttribute(\"src\")),n=new URL(t.value),c.test(n.protocol))&&n.host===r.host&&l.activeElement===s&&(d.top.location.href=t.value))}},d.addEventListener(\"message\",d.wp.receiveEmbedMessage,!1),l.addEventListener(\"DOMContentLoaded\",function(){for(var e,t,s=l.querySelectorAll(\"iframe.wp-embedded-content\"),r=0;r<s.length;r++)(t=(e=s[r]).getAttribute(\"data-secret\"))||(t=Math.random().toString(36).substring(2,12),e.src+=\"#?secret=\"+t,e.setAttribute(\"data-secret\",t)),e.contentWindow.postMessage({message:\"ready\",secret:t},\"*\")},!1)))}(window,document);\n\/\/# sourceURL=https:\/\/www.image7.fr\/en\/wp-includes\/js\/wp-embed.min.js\n\/* ]]> *\/\n<\/script>\n","description":"L\u2019indice du climat des affaires publi\u00e9 la semaine derni\u00e8re reste stable \u00e0 102 points pour le troisi\u00e8me mois cons\u00e9cutif. Il est un peu au-dessus de la moyenne de long terme de 100 points. M\u00eame si la situation se d\u00e9grade un peu dans l\u2019industrie, le b\u00e2timent et les services, elle s\u2019am\u00e9liore dans le commerce de gros [&hellip;]","thumbnail_url":"https:\/\/images.pexels.com\/photos\/3184418\/pexels-photo-3184418.jpeg?auto=compress&amp;cs=tinysrgb&amp;w=1260&amp;h=750&amp;dpr=1"}