{"version":"1.0","provider_name":"Image Sept","provider_url":"https:\/\/www.image7.fr\/en","author_name":"admin","author_url":"https:\/\/www.image7.fr\/en\/author\/admin\/","title":"Entreprises fran\u00e7aises et environnement - Image Sept","type":"rich","width":600,"height":338,"html":"<blockquote class=\"wp-embedded-content\" data-secret=\"3s0lqxOnG1\"><a href=\"https:\/\/www.image7.fr\/en\/document\/revue-de-presse-rse-09-12-22\/\">Entreprises fran\u00e7aises et environnement<\/a><\/blockquote><iframe sandbox=\"allow-scripts\" security=\"restricted\" src=\"https:\/\/www.image7.fr\/en\/document\/revue-de-presse-rse-09-12-22\/embed\/#?secret=3s0lqxOnG1\" width=\"600\" height=\"338\" title=\"\u00ab\u00a0Entreprises fran\u00e7aises et environnement\u00a0\u00bb &#8212; Image Sept\" data-secret=\"3s0lqxOnG1\" frameborder=\"0\" marginwidth=\"0\" marginheight=\"0\" scrolling=\"no\" class=\"wp-embedded-content\"><\/iframe><script type=\"text\/javascript\">\n\/* <![CDATA[ *\/\n\/*! This file is auto-generated *\/\n!function(d,l){\"use strict\";l.querySelector&&d.addEventListener&&\"undefined\"!=typeof URL&&(d.wp=d.wp||{},d.wp.receiveEmbedMessage||(d.wp.receiveEmbedMessage=function(e){var t=e.data;if((t||t.secret||t.message||t.value)&&!\/[^a-zA-Z0-9]\/.test(t.secret)){for(var s,r,n,a=l.querySelectorAll('iframe[data-secret=\"'+t.secret+'\"]'),o=l.querySelectorAll('blockquote[data-secret=\"'+t.secret+'\"]'),c=new RegExp(\"^https?:$\",\"i\"),i=0;i<o.length;i++)o[i].style.display=\"none\";for(i=0;i<a.length;i++)s=a[i],e.source===s.contentWindow&&(s.removeAttribute(\"style\"),\"height\"===t.message?(1e3<(r=parseInt(t.value,10))?r=1e3:~~r<200&&(r=200),s.height=r):\"link\"===t.message&&(r=new URL(s.getAttribute(\"src\")),n=new URL(t.value),c.test(n.protocol))&&n.host===r.host&&l.activeElement===s&&(d.top.location.href=t.value))}},d.addEventListener(\"message\",d.wp.receiveEmbedMessage,!1),l.addEventListener(\"DOMContentLoaded\",function(){for(var e,t,s=l.querySelectorAll(\"iframe.wp-embedded-content\"),r=0;r<s.length;r++)(t=(e=s[r]).getAttribute(\"data-secret\"))||(t=Math.random().toString(36).substring(2,12),e.src+=\"#?secret=\"+t,e.setAttribute(\"data-secret\",t)),e.contentWindow.postMessage({message:\"ready\",secret:t},\"*\")},!1)))}(window,document);\n\/\/# sourceURL=https:\/\/www.image7.fr\/en\/wp-includes\/js\/wp-embed.min.js\n\/* ]]> *\/\n<\/script>\n","description":"A l\u2019occasion de l\u2019ouverture de la COP15 Biodiversit\u00e9 \u00e0 Montr\u00e9al au Canada, la WBA (World Benchmarking Alliance) a publi\u00e9 une nouvelle \u00e9tude mesurant les efforts consentis par les 400 groupes mondiaux les plus influents pour prot\u00e9ger l\u2019environnement et la nature. C\u2019est le fran\u00e7ais Kering qui se place \u00e0 la premi\u00e8re place du classement tous secteurs [&hellip;]","thumbnail_url":"https:\/\/images.pexels.com\/photos\/17205130\/pexels-photo-17205130\/free-photo-of-bois-nature-ete-jardin.jpeg?auto=compress&amp;cs=tinysrgb&amp;w=1260&amp;h=750&amp;dpr=1"}