{"id":1187,"date":"2022-12-13T17:31:00","date_gmt":"2022-12-13T16:31:00","guid":{"rendered":"https:\/\/www.image7.fr\/?post_type=document&amp;p=1187"},"modified":"2022-12-13T17:31:00","modified_gmt":"2022-12-13T16:31:00","slug":"la-taxe-carbone-aux-frontieres-une-nouvelle-boite-de-pandore","status":"publish","type":"document","link":"https:\/\/www.image7.fr\/en\/document\/la-taxe-carbone-aux-frontieres-une-nouvelle-boite-de-pandore\/","title":{"rendered":"La taxe carbone aux fronti\u00e8res : une nouvelle bo\u00eete de Pandore ?"},"content":{"rendered":"<p><img loading=\"lazy\" decoding=\"async\" class=\"alignleft\" src=\"https:\/\/images.pexels.com\/photos\/2646237\/pexels-photo-2646237.jpeg?auto=compress&amp;cs=tinysrgb&amp;w=1260&amp;h=750&amp;dpr=1\" alt=\"Gratuit Photographie En Gros Plan De Formation Rocheuse Photos\" width=\"311\" height=\"207\" \/>L\u2019Union europ\u00e9enne vient d\u2019adopter le m\u00e9canisme d&rsquo;ajustement carbone aux fronti\u00e8res (MCAF). Il vise \u00e0 taxer les importations en Europe pour 6 secteurs d\u2019activit\u00e9 tr\u00e8s \u00e9metteurs de CO2 (acier, ciment, aluminium, engrais, \u00e9lectricit\u00e9, et hydrog\u00e8ne). En mettant un prix sur les \u00e9missions de CO2, l\u2019Europe souhaite inciter les industriels hors d\u2019Europe \u00e0 verdir leurs productions plut\u00f4t que de payer la taxe aux fronti\u00e8res.<\/p>\n<p>&nbsp;<\/p>\n<p>L\u2019Union Europ\u00e9enne est la deuxi\u00e8me puissance \u00e9conomique mondiale et repr\u00e9sente 18 % du PIB mondial apr\u00e8s les Etats-Unis (25 %). Ce poids est-ce suffisant pour infl\u00e9chir au-del\u00e0 de nos fronti\u00e8res les politiques d\u2019investissements de nos partenaires industriels non-europ\u00e9ens ? Ces investissements seront-ils consid\u00e9r\u00e9s comme rentables s\u2019ils ne servent qu\u2019aux exportations vers l\u2019UE ? Quel sera l\u2019impact de ce m\u00e9canisme sur le co\u00fbt de nos exportations de produits manufactur\u00e9s ? Cette perte de comp\u00e9titivit\u00e9 accroit-elle le risque de d\u00e9sindustrialisation en Europe ? L\u2019inflation Reduction Act am\u00e9ricain et le MACF se neutralisent-ils ? Les pays non-europ\u00e9ens vont-ils \u00eatre tent\u00e9s de mettre en place des m\u00e9canismes p\u00e9nalisants pour d\u2019autres cat\u00e9gories de produits export\u00e9s par les pays de l\u2019UE ? Entre la th\u00e9orie et la pratique, se posent de nombreuses questions qui doivent trouver des r\u00e9ponses.<\/p>\n<p>&nbsp;<\/p>\n<p>&nbsp;<\/p>\n","protected":false},"featured_media":0,"menu_order":0,"template":"","meta":{"_acf_changed":false},"categorie_documents":[38],"class_list":["post-1187","document","type-document","status-publish","hentry","categorie_documents-syntheses-rse"],"yoast_head":"<!-- This site is optimized with the Yoast SEO plugin v27.1.1 - https:\/\/yoast.com\/product\/yoast-seo-wordpress\/ -->\n<title>La taxe carbone aux fronti\u00e8res : une nouvelle bo\u00eete de Pandore ? - Image Sept<\/title>\n<meta name=\"robots\" content=\"index, follow, max-snippet:-1, max-image-preview:large, max-video-preview:-1\" \/>\n<link rel=\"canonical\" href=\"https:\/\/www.image7.fr\/en\/document\/la-taxe-carbone-aux-frontieres-une-nouvelle-boite-de-pandore\/\" \/>\n<meta property=\"og:locale\" content=\"fr_FR\" \/>\n<meta property=\"og:type\" content=\"article\" \/>\n<meta property=\"og:title\" content=\"La taxe carbone aux fronti\u00e8res : une nouvelle bo\u00eete de Pandore ? - Image Sept\" \/>\n<meta property=\"og:description\" content=\"L\u2019Union europ\u00e9enne vient d\u2019adopter le m\u00e9canisme d&rsquo;ajustement carbone aux fronti\u00e8res (MCAF). Il vise \u00e0 taxer les importations en Europe pour 6 secteurs d\u2019activit\u00e9 tr\u00e8s \u00e9metteurs de CO2 (acier, ciment, aluminium, engrais, \u00e9lectricit\u00e9, et hydrog\u00e8ne). En mettant un prix sur les \u00e9missions de CO2, l\u2019Europe souhaite inciter les industriels hors d\u2019Europe \u00e0 verdir leurs productions plut\u00f4t [&hellip;]\" \/>\n<meta property=\"og:url\" content=\"https:\/\/www.image7.fr\/en\/document\/la-taxe-carbone-aux-frontieres-une-nouvelle-boite-de-pandore\/\" \/>\n<meta property=\"og:site_name\" content=\"Image Sept\" \/>\n<meta property=\"og:image\" content=\"https:\/\/images.pexels.com\/photos\/2646237\/pexels-photo-2646237.jpeg?auto=compress&amp;cs=tinysrgb&amp;w=1260&amp;h=750&amp;dpr=1\" \/>\n<meta name=\"twitter:label1\" content=\"Dur\u00e9e de lecture estim\u00e9e\" \/>\n\t<meta name=\"twitter:data1\" content=\"2 minutes\" \/>\n<script type=\"application\/ld+json\" class=\"yoast-schema-graph\">{\"@context\":\"https:\/\/schema.org\",\"@graph\":[{\"@type\":\"WebPage\",\"@id\":\"https:\/\/www.image7.fr\/en\/document\/la-taxe-carbone-aux-frontieres-une-nouvelle-boite-de-pandore\/\",\"url\":\"https:\/\/www.image7.fr\/en\/document\/la-taxe-carbone-aux-frontieres-une-nouvelle-boite-de-pandore\/\",\"name\":\"La taxe carbone aux fronti\u00e8res : une nouvelle bo\u00eete de Pandore ? - Image Sept\",\"isPartOf\":{\"@id\":\"https:\/\/www.image7.fr\/en\/#website\"},\"primaryImageOfPage\":{\"@id\":\"https:\/\/www.image7.fr\/en\/document\/la-taxe-carbone-aux-frontieres-une-nouvelle-boite-de-pandore\/#primaryimage\"},\"image\":{\"@id\":\"https:\/\/www.image7.fr\/en\/document\/la-taxe-carbone-aux-frontieres-une-nouvelle-boite-de-pandore\/#primaryimage\"},\"thumbnailUrl\":\"https:\/\/images.pexels.com\/photos\/2646237\/pexels-photo-2646237.jpeg?auto=compress&amp;cs=tinysrgb&amp;w=1260&amp;h=750&amp;dpr=1\",\"datePublished\":\"2022-12-13T16:31:00+00:00\",\"breadcrumb\":{\"@id\":\"https:\/\/www.image7.fr\/en\/document\/la-taxe-carbone-aux-frontieres-une-nouvelle-boite-de-pandore\/#breadcrumb\"},\"inLanguage\":\"fr-FR\",\"potentialAction\":[{\"@type\":\"ReadAction\",\"target\":[\"https:\/\/www.image7.fr\/en\/document\/la-taxe-carbone-aux-frontieres-une-nouvelle-boite-de-pandore\/\"]}]},{\"@type\":\"ImageObject\",\"inLanguage\":\"fr-FR\",\"@id\":\"https:\/\/www.image7.fr\/en\/document\/la-taxe-carbone-aux-frontieres-une-nouvelle-boite-de-pandore\/#primaryimage\",\"url\":\"https:\/\/images.pexels.com\/photos\/2646237\/pexels-photo-2646237.jpeg?auto=compress&amp;cs=tinysrgb&amp;w=1260&amp;h=750&amp;dpr=1\",\"contentUrl\":\"https:\/\/images.pexels.com\/photos\/2646237\/pexels-photo-2646237.jpeg?auto=compress&amp;cs=tinysrgb&amp;w=1260&amp;h=750&amp;dpr=1\"},{\"@type\":\"BreadcrumbList\",\"@id\":\"https:\/\/www.image7.fr\/en\/document\/la-taxe-carbone-aux-frontieres-une-nouvelle-boite-de-pandore\/#breadcrumb\",\"itemListElement\":[{\"@type\":\"ListItem\",\"position\":1,\"name\":\"Accueil\",\"item\":\"https:\/\/www.image7.fr\/en\/\"},{\"@type\":\"ListItem\",\"position\":2,\"name\":\"Document\",\"item\":\"https:\/\/www.image7.fr\/en\/document\/\"},{\"@type\":\"ListItem\",\"position\":3,\"name\":\"La taxe carbone aux fronti\u00e8res : une nouvelle bo\u00eete de Pandore ?\"}]},{\"@type\":\"WebSite\",\"@id\":\"https:\/\/www.image7.fr\/en\/#website\",\"url\":\"https:\/\/www.image7.fr\/en\/\",\"name\":\"Image Sept\",\"description\":\"Un site utilisant R\u00e9seau Image 7\",\"potentialAction\":[{\"@type\":\"SearchAction\",\"target\":{\"@type\":\"EntryPoint\",\"urlTemplate\":\"https:\/\/www.image7.fr\/en\/?s={search_term_string}\"},\"query-input\":{\"@type\":\"PropertyValueSpecification\",\"valueRequired\":true,\"valueName\":\"search_term_string\"}}],\"inLanguage\":\"fr-FR\"}]}<\/script>\n<!-- \/ Yoast SEO plugin. -->","yoast_head_json":{"title":"La taxe carbone aux fronti\u00e8res : une nouvelle bo\u00eete de Pandore ? - Image Sept","robots":{"index":"index","follow":"follow","max-snippet":"max-snippet:-1","max-image-preview":"max-image-preview:large","max-video-preview":"max-video-preview:-1"},"canonical":"https:\/\/www.image7.fr\/en\/document\/la-taxe-carbone-aux-frontieres-une-nouvelle-boite-de-pandore\/","og_locale":"fr_FR","og_type":"article","og_title":"La taxe carbone aux fronti\u00e8res : une nouvelle bo\u00eete de Pandore ? - Image Sept","og_description":"L\u2019Union europ\u00e9enne vient d\u2019adopter le m\u00e9canisme d&rsquo;ajustement carbone aux fronti\u00e8res (MCAF). Il vise \u00e0 taxer les importations en Europe pour 6 secteurs d\u2019activit\u00e9 tr\u00e8s \u00e9metteurs de CO2 (acier, ciment, aluminium, engrais, \u00e9lectricit\u00e9, et hydrog\u00e8ne). En mettant un prix sur les \u00e9missions de CO2, l\u2019Europe souhaite inciter les industriels hors d\u2019Europe \u00e0 verdir leurs productions plut\u00f4t [&hellip;]","og_url":"https:\/\/www.image7.fr\/en\/document\/la-taxe-carbone-aux-frontieres-une-nouvelle-boite-de-pandore\/","og_site_name":"Image Sept","og_image":[{"url":"https:\/\/images.pexels.com\/photos\/2646237\/pexels-photo-2646237.jpeg?auto=compress&amp;cs=tinysrgb&amp;w=1260&amp;h=750&amp;dpr=1","type":"","width":"","height":""}],"twitter_misc":{"Dur\u00e9e de lecture estim\u00e9e":"2 minutes"},"schema":{"@context":"https:\/\/schema.org","@graph":[{"@type":"WebPage","@id":"https:\/\/www.image7.fr\/en\/document\/la-taxe-carbone-aux-frontieres-une-nouvelle-boite-de-pandore\/","url":"https:\/\/www.image7.fr\/en\/document\/la-taxe-carbone-aux-frontieres-une-nouvelle-boite-de-pandore\/","name":"La taxe carbone aux fronti\u00e8res : une nouvelle bo\u00eete de Pandore ? - Image Sept","isPartOf":{"@id":"https:\/\/www.image7.fr\/en\/#website"},"primaryImageOfPage":{"@id":"https:\/\/www.image7.fr\/en\/document\/la-taxe-carbone-aux-frontieres-une-nouvelle-boite-de-pandore\/#primaryimage"},"image":{"@id":"https:\/\/www.image7.fr\/en\/document\/la-taxe-carbone-aux-frontieres-une-nouvelle-boite-de-pandore\/#primaryimage"},"thumbnailUrl":"https:\/\/images.pexels.com\/photos\/2646237\/pexels-photo-2646237.jpeg?auto=compress&amp;cs=tinysrgb&amp;w=1260&amp;h=750&amp;dpr=1","datePublished":"2022-12-13T16:31:00+00:00","breadcrumb":{"@id":"https:\/\/www.image7.fr\/en\/document\/la-taxe-carbone-aux-frontieres-une-nouvelle-boite-de-pandore\/#breadcrumb"},"inLanguage":"fr-FR","potentialAction":[{"@type":"ReadAction","target":["https:\/\/www.image7.fr\/en\/document\/la-taxe-carbone-aux-frontieres-une-nouvelle-boite-de-pandore\/"]}]},{"@type":"ImageObject","inLanguage":"fr-FR","@id":"https:\/\/www.image7.fr\/en\/document\/la-taxe-carbone-aux-frontieres-une-nouvelle-boite-de-pandore\/#primaryimage","url":"https:\/\/images.pexels.com\/photos\/2646237\/pexels-photo-2646237.jpeg?auto=compress&amp;cs=tinysrgb&amp;w=1260&amp;h=750&amp;dpr=1","contentUrl":"https:\/\/images.pexels.com\/photos\/2646237\/pexels-photo-2646237.jpeg?auto=compress&amp;cs=tinysrgb&amp;w=1260&amp;h=750&amp;dpr=1"},{"@type":"BreadcrumbList","@id":"https:\/\/www.image7.fr\/en\/document\/la-taxe-carbone-aux-frontieres-une-nouvelle-boite-de-pandore\/#breadcrumb","itemListElement":[{"@type":"ListItem","position":1,"name":"Accueil","item":"https:\/\/www.image7.fr\/en\/"},{"@type":"ListItem","position":2,"name":"Document","item":"https:\/\/www.image7.fr\/en\/document\/"},{"@type":"ListItem","position":3,"name":"La taxe carbone aux fronti\u00e8res : une nouvelle bo\u00eete de Pandore ?"}]},{"@type":"WebSite","@id":"https:\/\/www.image7.fr\/en\/#website","url":"https:\/\/www.image7.fr\/en\/","name":"Image Sept","description":"Un site utilisant R\u00e9seau Image 7","potentialAction":[{"@type":"SearchAction","target":{"@type":"EntryPoint","urlTemplate":"https:\/\/www.image7.fr\/en\/?s={search_term_string}"},"query-input":{"@type":"PropertyValueSpecification","valueRequired":true,"valueName":"search_term_string"}}],"inLanguage":"fr-FR"}]}},"acf":[],"_links":{"self":[{"href":"https:\/\/www.image7.fr\/en\/wp-json\/wp\/v2\/document\/1187","targetHints":{"allow":["GET"]}}],"collection":[{"href":"https:\/\/www.image7.fr\/en\/wp-json\/wp\/v2\/document"}],"about":[{"href":"https:\/\/www.image7.fr\/en\/wp-json\/wp\/v2\/types\/document"}],"wp:attachment":[{"href":"https:\/\/www.image7.fr\/en\/wp-json\/wp\/v2\/media?parent=1187"}],"wp:term":[{"taxonomy":"categorie_documents","embeddable":true,"href":"https:\/\/www.image7.fr\/en\/wp-json\/wp\/v2\/categorie_documents?post=1187"}],"curies":[{"name":"wp","href":"https:\/\/api.w.org\/{rel}","templated":true}]}}