{"id":1207,"date":"2022-12-15T10:48:24","date_gmt":"2022-12-15T09:48:24","guid":{"rendered":"https:\/\/www.image7.fr\/?post_type=document&amp;p=1207"},"modified":"2022-12-15T10:48:24","modified_gmt":"2022-12-15T09:48:24","slug":"le-point-sur-linflation-reduction-act","status":"publish","type":"document","link":"https:\/\/www.image7.fr\/en\/document\/le-point-sur-linflation-reduction-act\/","title":{"rendered":"Le point sur l&rsquo;Inflation Reduction Act (IRA)"},"content":{"rendered":"<p><a href=\"https:\/\/www.image7.fr\/wp-content\/uploads\/2023\/07\/001394667_896x598_c.jpg\"><img loading=\"lazy\" decoding=\"async\" class=\"size-medium wp-image-1208 alignleft\" src=\"https:\/\/www.image7.fr\/wp-content\/uploads\/2023\/07\/001394667_896x598_c-300x200.jpg\" alt=\"\" width=\"300\" height=\"200\" \/><\/a>L\u2019Inflation Reduction Act (IRA), est un plan massif de soutien \u00e0 l\u2019industrie am\u00e9ricaine, anxiog\u00e8ne pour l&rsquo;\u00e9conomie europ\u00e9enne<\/p>\n<p>&nbsp;<\/p>\n<p>Alors que l\u2019inflation est devenue la premi\u00e8re pr\u00e9occupation des m\u00e9nages outre-Atlantique, les D\u00e9mocrates am\u00e9ricains ont fait adopter au Congr\u00e8s un programme baptis\u00e9 \u00ab Inflation Reduction Act \u00bb (IRA), qui entrera en vigueur en 2023. Ce plan pr\u00e9voit des investissements publics massifs (433 milliards $ soit 2% du PIB US), ainsi qu\u2019une r\u00e9duction du d\u00e9ficit budg\u00e9taire (300 milliards $), le tout financ\u00e9 par de nouvelles recettes fiscales (\u00e0 hauteur de 739 milliards $).<\/p>\n<p>&nbsp;<\/p>\n<p>Parmi les investissements publics, l\u2019octroi de fonds pour \u00ab la s\u00e9curit\u00e9 \u00e9nerg\u00e9tique et le changement climatique \u00bb, d\u2019un montant de 369 milliards $, sera conditionn\u00e9 au respect de r\u00e8gles d\u2019approvisionnement et d\u2019assemblage locaux. L\u2019une des mesures phares de ce \u00ab Made in America \u00bb est le cr\u00e9dit d\u2019imp\u00f4t de 7500 dollars accord\u00e9 aux m\u00e9nages pour les aider \u00e0 acqu\u00e9rir un v\u00e9hicule \u00e9lectrique : les subventions seront r\u00e9serv\u00e9es exclusivement aux voitures \u00e9lectriques am\u00e9ricaines[1]. Des dispositions assez similaires sont pr\u00e9vues pour les batteries et panneaux solaires.<br \/>\nCe programme de transition climatique au profit exclusif de l\u2019industrie am\u00e9ricaine est appel\u00e9 \u00e0 modifier la donne du commerce international au d\u00e9triment des industriels europ\u00e9ens avec :<\/p>\n<p>&nbsp;<\/p>\n<p>-Une p\u00e9nalisation des exportations de voitures, batteries et composants produits\/assembl\u00e9s en Europe vers les Etats-Unis<\/p>\n<p>-Un risque de d\u00e9localisation de certaines industries de l\u2019Europe vers les Etats-Unis, afin de b\u00e9n\u00e9ficier des subventions<\/p>\n<p>-Un frein aux investissements \u00e9trangers \u00e0 destination de l\u2019UE<\/p>\n<p>&nbsp;<\/p>\n<p>Diff\u00e9rents effets en parfaite contradiction avec la volont\u00e9 europ\u00e9enne de regagner davantage de souverainet\u00e9 industrielle. Pour Elisabeth Borne, cette forte distorsion de concurrence pourrait faire perdre \u00e0 la France 10 milliards d\u2019euros d\u2019investissements et 10 000 cr\u00e9ations potentielles d\u2019emplois. Sans compter le risque \u00ab d\u2019effet d\u2019\u00e9viction \u00e9cologique \u00bb sous-jacent, les Etats-Unis se retrouvant en mesure de capter l\u2019essentiel des processus d\u2019innovation d\u00e9carbon\u00e9e gr\u00e2ce \u00e0 l\u2019attrait de ses financements publics.<br \/>\nBruno Le Maire a affirm\u00e9 \u00ab que la meilleure r\u00e9ponse \u00e0 l&rsquo;IRA am\u00e9ricaine est une IRA europ\u00e9enne \u00bb.<\/p>\n<p>&nbsp;<\/p>\n<p>Voici une revue de d\u00e9tail des 6 r\u00e9ponses possibles \u00e0 disposition de l\u2019Europe. Elles diff\u00e8rent \u00e0 la fois par leur ampleur, la rapidit\u00e9 de leur mise en \u0153uvre et leur faisabilit\u00e9.<br \/>\n[1] Une voiture \u00e9lectrique sera consid\u00e9r\u00e9e comme \u00ab am\u00e9ricaine \u00bb si : 1\/ elle est assembl\u00e9e en Am\u00e9rique du Nord 2\/ au moins 40 % des mati\u00e8res premi\u00e8res critiques de la batterie du v\u00e9hicule sont extraites ou trait\u00e9es aux \u00c9tats-Unis (ce taux sera port\u00e9 \u00e0 80 % en 2026) 3\/ au moins 50 % des composants de la batterie sont fabriqu\u00e9s ou assembl\u00e9s en Am\u00e9rique du Nord (ce taux sera port\u00e9 \u00e0 100 % en 2029).<\/p>\n<p>&nbsp;<\/p>\n","protected":false},"featured_media":0,"menu_order":0,"template":"","meta":{"_acf_changed":false},"categorie_documents":[36],"class_list":["post-1207","document","type-document","status-publish","hentry","categorie_documents-affaires-publiques"],"yoast_head":"<!-- This site is optimized with the Yoast SEO plugin v27.1.1 - https:\/\/yoast.com\/product\/yoast-seo-wordpress\/ -->\n<title>Le point sur l&#039;Inflation Reduction Act (IRA) - Image Sept<\/title>\n<meta name=\"robots\" content=\"index, follow, max-snippet:-1, max-image-preview:large, max-video-preview:-1\" \/>\n<link rel=\"canonical\" href=\"https:\/\/www.image7.fr\/en\/document\/le-point-sur-linflation-reduction-act\/\" \/>\n<meta property=\"og:locale\" content=\"fr_FR\" \/>\n<meta property=\"og:type\" content=\"article\" \/>\n<meta property=\"og:title\" content=\"Le point sur l&#039;Inflation Reduction Act (IRA) - Image Sept\" \/>\n<meta property=\"og:description\" content=\"L\u2019Inflation Reduction Act (IRA), est un plan massif de soutien \u00e0 l\u2019industrie am\u00e9ricaine, anxiog\u00e8ne pour l&rsquo;\u00e9conomie europ\u00e9enne &nbsp; Alors que l\u2019inflation est devenue la premi\u00e8re pr\u00e9occupation des m\u00e9nages outre-Atlantique, les D\u00e9mocrates am\u00e9ricains ont fait adopter au Congr\u00e8s un programme baptis\u00e9 \u00ab Inflation Reduction Act \u00bb (IRA), qui entrera en vigueur en 2023. Ce plan pr\u00e9voit [&hellip;]\" \/>\n<meta property=\"og:url\" content=\"https:\/\/www.image7.fr\/en\/document\/le-point-sur-linflation-reduction-act\/\" \/>\n<meta property=\"og:site_name\" content=\"Image Sept\" \/>\n<meta property=\"og:image\" content=\"https:\/\/www.image7.fr\/wp-content\/uploads\/2023\/07\/001394667_896x598_c-300x200.jpg\" \/>\n<meta name=\"twitter:label1\" content=\"Dur\u00e9e de lecture estim\u00e9e\" \/>\n\t<meta name=\"twitter:data1\" content=\"3 minutes\" \/>\n<script type=\"application\/ld+json\" class=\"yoast-schema-graph\">{\"@context\":\"https:\/\/schema.org\",\"@graph\":[{\"@type\":\"WebPage\",\"@id\":\"https:\/\/www.image7.fr\/en\/document\/le-point-sur-linflation-reduction-act\/\",\"url\":\"https:\/\/www.image7.fr\/en\/document\/le-point-sur-linflation-reduction-act\/\",\"name\":\"Le point sur l'Inflation Reduction Act (IRA) - Image Sept\",\"isPartOf\":{\"@id\":\"https:\/\/www.image7.fr\/en\/#website\"},\"primaryImageOfPage\":{\"@id\":\"https:\/\/www.image7.fr\/en\/document\/le-point-sur-linflation-reduction-act\/#primaryimage\"},\"image\":{\"@id\":\"https:\/\/www.image7.fr\/en\/document\/le-point-sur-linflation-reduction-act\/#primaryimage\"},\"thumbnailUrl\":\"https:\/\/www.image7.fr\/wp-content\/uploads\/2023\/07\/001394667_896x598_c-300x200.jpg\",\"datePublished\":\"2022-12-15T09:48:24+00:00\",\"breadcrumb\":{\"@id\":\"https:\/\/www.image7.fr\/en\/document\/le-point-sur-linflation-reduction-act\/#breadcrumb\"},\"inLanguage\":\"fr-FR\",\"potentialAction\":[{\"@type\":\"ReadAction\",\"target\":[\"https:\/\/www.image7.fr\/en\/document\/le-point-sur-linflation-reduction-act\/\"]}]},{\"@type\":\"ImageObject\",\"inLanguage\":\"fr-FR\",\"@id\":\"https:\/\/www.image7.fr\/en\/document\/le-point-sur-linflation-reduction-act\/#primaryimage\",\"url\":\"https:\/\/www.image7.fr\/wp-content\/uploads\/2023\/07\/001394667_896x598_c-300x200.jpg\",\"contentUrl\":\"https:\/\/www.image7.fr\/wp-content\/uploads\/2023\/07\/001394667_896x598_c-300x200.jpg\"},{\"@type\":\"BreadcrumbList\",\"@id\":\"https:\/\/www.image7.fr\/en\/document\/le-point-sur-linflation-reduction-act\/#breadcrumb\",\"itemListElement\":[{\"@type\":\"ListItem\",\"position\":1,\"name\":\"Accueil\",\"item\":\"https:\/\/www.image7.fr\/en\/\"},{\"@type\":\"ListItem\",\"position\":2,\"name\":\"Document\",\"item\":\"https:\/\/www.image7.fr\/en\/document\/\"},{\"@type\":\"ListItem\",\"position\":3,\"name\":\"Le point sur l&rsquo;Inflation Reduction Act (IRA)\"}]},{\"@type\":\"WebSite\",\"@id\":\"https:\/\/www.image7.fr\/en\/#website\",\"url\":\"https:\/\/www.image7.fr\/en\/\",\"name\":\"Image Sept\",\"description\":\"Un site utilisant R\u00e9seau Image 7\",\"potentialAction\":[{\"@type\":\"SearchAction\",\"target\":{\"@type\":\"EntryPoint\",\"urlTemplate\":\"https:\/\/www.image7.fr\/en\/?s={search_term_string}\"},\"query-input\":{\"@type\":\"PropertyValueSpecification\",\"valueRequired\":true,\"valueName\":\"search_term_string\"}}],\"inLanguage\":\"fr-FR\"}]}<\/script>\n<!-- \/ Yoast SEO plugin. -->","yoast_head_json":{"title":"Le point sur l'Inflation Reduction Act (IRA) - Image Sept","robots":{"index":"index","follow":"follow","max-snippet":"max-snippet:-1","max-image-preview":"max-image-preview:large","max-video-preview":"max-video-preview:-1"},"canonical":"https:\/\/www.image7.fr\/en\/document\/le-point-sur-linflation-reduction-act\/","og_locale":"fr_FR","og_type":"article","og_title":"Le point sur l'Inflation Reduction Act (IRA) - Image Sept","og_description":"L\u2019Inflation Reduction Act (IRA), est un plan massif de soutien \u00e0 l\u2019industrie am\u00e9ricaine, anxiog\u00e8ne pour l&rsquo;\u00e9conomie europ\u00e9enne &nbsp; Alors que l\u2019inflation est devenue la premi\u00e8re pr\u00e9occupation des m\u00e9nages outre-Atlantique, les D\u00e9mocrates am\u00e9ricains ont fait adopter au Congr\u00e8s un programme baptis\u00e9 \u00ab Inflation Reduction Act \u00bb (IRA), qui entrera en vigueur en 2023. Ce plan pr\u00e9voit [&hellip;]","og_url":"https:\/\/www.image7.fr\/en\/document\/le-point-sur-linflation-reduction-act\/","og_site_name":"Image Sept","og_image":[{"url":"https:\/\/www.image7.fr\/wp-content\/uploads\/2023\/07\/001394667_896x598_c-300x200.jpg","type":"","width":"","height":""}],"twitter_misc":{"Dur\u00e9e de lecture estim\u00e9e":"3 minutes"},"schema":{"@context":"https:\/\/schema.org","@graph":[{"@type":"WebPage","@id":"https:\/\/www.image7.fr\/en\/document\/le-point-sur-linflation-reduction-act\/","url":"https:\/\/www.image7.fr\/en\/document\/le-point-sur-linflation-reduction-act\/","name":"Le point sur l'Inflation Reduction Act (IRA) - Image Sept","isPartOf":{"@id":"https:\/\/www.image7.fr\/en\/#website"},"primaryImageOfPage":{"@id":"https:\/\/www.image7.fr\/en\/document\/le-point-sur-linflation-reduction-act\/#primaryimage"},"image":{"@id":"https:\/\/www.image7.fr\/en\/document\/le-point-sur-linflation-reduction-act\/#primaryimage"},"thumbnailUrl":"https:\/\/www.image7.fr\/wp-content\/uploads\/2023\/07\/001394667_896x598_c-300x200.jpg","datePublished":"2022-12-15T09:48:24+00:00","breadcrumb":{"@id":"https:\/\/www.image7.fr\/en\/document\/le-point-sur-linflation-reduction-act\/#breadcrumb"},"inLanguage":"fr-FR","potentialAction":[{"@type":"ReadAction","target":["https:\/\/www.image7.fr\/en\/document\/le-point-sur-linflation-reduction-act\/"]}]},{"@type":"ImageObject","inLanguage":"fr-FR","@id":"https:\/\/www.image7.fr\/en\/document\/le-point-sur-linflation-reduction-act\/#primaryimage","url":"https:\/\/www.image7.fr\/wp-content\/uploads\/2023\/07\/001394667_896x598_c-300x200.jpg","contentUrl":"https:\/\/www.image7.fr\/wp-content\/uploads\/2023\/07\/001394667_896x598_c-300x200.jpg"},{"@type":"BreadcrumbList","@id":"https:\/\/www.image7.fr\/en\/document\/le-point-sur-linflation-reduction-act\/#breadcrumb","itemListElement":[{"@type":"ListItem","position":1,"name":"Accueil","item":"https:\/\/www.image7.fr\/en\/"},{"@type":"ListItem","position":2,"name":"Document","item":"https:\/\/www.image7.fr\/en\/document\/"},{"@type":"ListItem","position":3,"name":"Le point sur l&rsquo;Inflation Reduction Act (IRA)"}]},{"@type":"WebSite","@id":"https:\/\/www.image7.fr\/en\/#website","url":"https:\/\/www.image7.fr\/en\/","name":"Image Sept","description":"Un site utilisant R\u00e9seau Image 7","potentialAction":[{"@type":"SearchAction","target":{"@type":"EntryPoint","urlTemplate":"https:\/\/www.image7.fr\/en\/?s={search_term_string}"},"query-input":{"@type":"PropertyValueSpecification","valueRequired":true,"valueName":"search_term_string"}}],"inLanguage":"fr-FR"}]}},"acf":[],"_links":{"self":[{"href":"https:\/\/www.image7.fr\/en\/wp-json\/wp\/v2\/document\/1207","targetHints":{"allow":["GET"]}}],"collection":[{"href":"https:\/\/www.image7.fr\/en\/wp-json\/wp\/v2\/document"}],"about":[{"href":"https:\/\/www.image7.fr\/en\/wp-json\/wp\/v2\/types\/document"}],"wp:attachment":[{"href":"https:\/\/www.image7.fr\/en\/wp-json\/wp\/v2\/media?parent=1207"}],"wp:term":[{"taxonomy":"categorie_documents","embeddable":true,"href":"https:\/\/www.image7.fr\/en\/wp-json\/wp\/v2\/categorie_documents?post=1207"}],"curies":[{"name":"wp","href":"https:\/\/api.w.org\/{rel}","templated":true}]}}