{"id":686,"date":"2023-01-13T16:37:59","date_gmt":"2023-01-13T15:37:59","guid":{"rendered":"https:\/\/www.image7.fr\/?post_type=document&amp;p=686"},"modified":"2023-01-13T16:37:59","modified_gmt":"2023-01-13T15:37:59","slug":"document-test","status":"publish","type":"document","link":"https:\/\/www.image7.fr\/en\/document\/document-test\/","title":{"rendered":"Assujetir"},"content":{"rendered":"<p>CAHIER DE TENDANCE #120 | 13 JANVIER 2023<\/p>\n<p><img loading=\"lazy\" decoding=\"async\" class=\"alignleft\" src=\"https:\/\/images.pexels.com\/photos\/4549408\/pexels-photo-4549408.jpeg?auto=compress&amp;cs=tinysrgb&amp;w=1260&amp;h=750&amp;dpr=1\" alt=\"Gratuit Personne Utilisant Une Application Pour Smartphone Photos\" width=\"311\" height=\"207\" \/>Le ministre de l\u2019\u00c9conomie a lanc\u00e9 une consultation pour savoir comment l\u2019\u00c9tat devait g\u00e9rer les influenceurs. Sa communication \u00e9pouse les codes des r\u00e9seaux sociaux. Pour traiter d\u2019un sujet, ne faut-il pas utiliser les codes de ceux qui doivent participer ? L\u00e0, le ministre promeut son message dans les r\u00e9seaux sociaux avec une vid\u00e9o jouant la proximit\u00e9 et une interpellation affective \u00ab J\u2019ai besoin de vous \u00bb. Pourtant, \u00e0 bien y r\u00e9fl\u00e9chir, les influenceurs sont des citoyens comme les autres\u2026<\/p>\n<p>&nbsp;<\/p>\n<p>Le Pr\u00e9sident de la F\u00e9d\u00e9ration Fran\u00e7aise de Football apr\u00e8s sa sortie discutable sur Zinedine Zidane et dans la position \u00ab metoo-esque \u00bb qui est la sienne, n\u2019est pas d\u00e9missionnable par sa tutelle. Il doit faire ce choix. Alors, nombreux sont ceux qui ont pris la parole dans la presse ou les r\u00e9seaux sociaux : de la ministre des Sports aux amoureux du foot, du porte-parole du Gouvernement aux nombreux professionnels dont Kylian Mbapp\u00e9. Son tweet a \u00e9t\u00e9 vu plus de cent millions de fois. En milieu de semaine, No\u00ebl Le Gra\u00ebt \u00ab a d\u00e9cid\u00e9 \u00bb de se mettre en retrait r\u00e9v\u00e8le le communiqu\u00e9 de la FFF. Son fid\u00e8le vice-pr\u00e9sident le remplace.<\/p>\n<p>&nbsp;<\/p>\n<p>Le vote sur les retraites \u00e0 l\u2019Assembl\u00e9e nationale n\u2019est pas plus libre. Alors que le Pr\u00e9sident de la R\u00e9publique est dans une s\u00e9quence \u00ab en proximit\u00e9 \u00bb soit par qualit\u00e9 avec son passage sur France 2 dans Les rencontres du Papotin (meilleure audience des quatre premiers \u00e9pisodes), soit par ricochet avec la mise en sc\u00e8ne de Brigitte Macron sur TF1 pour les pi\u00e8ces jaunes, il fallait \u00e9viter l\u2019utilisation du 49-3. Dans ce contexte empathique, avec un sujet aussi humain que les retraites, c\u00e9der aux R\u00e9publicains certains points \u00e9tait essentiel pour que le moment ne soit pas heurt\u00e9.<br \/>\nEt parfois la pens\u00e9e sur un sujet vient d\u2019une punchline dans la presse.<\/p>\n<p>&nbsp;<\/p>\n<p>Pendant tout le dernier trimestre, des journaux comme Vosges Matin, le Dauphin\u00e9 Lib\u00e9r\u00e9 ou L\u2019Est R\u00e9publicain &#8211; amplifi\u00e9s par les r\u00e9seaux sociaux \u2013 se sont emball\u00e9s sur la certitude que le houblon (donc la bi\u00e8re) faisait reculer la maladie d\u2019Alzheimer. Pendant trois mois, les brasseurs ont b\u00e9n\u00e9fici\u00e9 de ce coup de pouce. Il aura fallu une contre \u00e9tude publi\u00e9e par l\u2019AFP cette semaine pour corriger l\u2019information. Que vaut la d\u00e9monstration de l\u2019existence d\u2019une fake news quand les recherches Google continuent de mettre en avant quelques pages sur la contre-v\u00e9rit\u00e9 ?<\/p>\n<p>&nbsp;<\/p>\n<p>Toutes ces soumissions sont le r\u00e9sultat d\u2019interactions humaines. Elles ont leurs limites. Imaginons un autre assujettissement, celui g\u00e9n\u00e9r\u00e9 par une utilisation maligne de l\u2019application d\u2019intelligence artificielle ChatGPT. Demain, avec l\u2019IA tout est possible. Une fois \u00e9duqu\u00e9 \u00e0 contrer les arguments sur un sujet et \u00e0 prendre la main dans le r\u00e9f\u00e9rencement Google que restera-t-il \u00e0 la v\u00e9rit\u00e9 ? Nous ne pourrons plus dire avec Michel Rocard qu\u2019il faut \u00ab Toujours pr\u00e9f\u00e9rer l&rsquo;hypoth\u00e8se de la connerie \u00e0 celle du complot. La connerie est courante. Le complot exige un esprit rare \u00bb. En revanche, il est urgent de se poser la question de savoir \u00ab \u00c0 qui profite le crime ? \u00bb. Demain est d\u00e9j\u00e0 aujourd\u2019hui.<\/p>\n","protected":false},"featured_media":0,"menu_order":18,"template":"","meta":{"_acf_changed":false},"categorie_documents":[37],"class_list":["post-686","document","type-document","status-publish","hentry","categorie_documents-cahier-de-tendances"],"yoast_head":"<!-- This site is optimized with the Yoast SEO plugin v27.1.1 - https:\/\/yoast.com\/product\/yoast-seo-wordpress\/ -->\n<title>Assujetir - Image Sept<\/title>\n<meta name=\"robots\" content=\"index, follow, max-snippet:-1, max-image-preview:large, max-video-preview:-1\" \/>\n<link rel=\"canonical\" href=\"https:\/\/www.image7.fr\/en\/document\/document-test\/\" \/>\n<meta property=\"og:locale\" content=\"fr_FR\" \/>\n<meta property=\"og:type\" content=\"article\" \/>\n<meta property=\"og:title\" content=\"Assujetir - Image Sept\" \/>\n<meta property=\"og:description\" content=\"CAHIER DE TENDANCE #120 | 13 JANVIER 2023 Le ministre de l\u2019\u00c9conomie a lanc\u00e9 une consultation pour savoir comment l\u2019\u00c9tat devait g\u00e9rer les influenceurs. Sa communication \u00e9pouse les codes des r\u00e9seaux sociaux. Pour traiter d\u2019un sujet, ne faut-il pas utiliser les codes de ceux qui doivent participer ? L\u00e0, le ministre promeut son message dans [&hellip;]\" \/>\n<meta property=\"og:url\" content=\"https:\/\/www.image7.fr\/en\/document\/document-test\/\" \/>\n<meta property=\"og:site_name\" content=\"Image Sept\" \/>\n<meta property=\"og:image\" content=\"https:\/\/images.pexels.com\/photos\/4549408\/pexels-photo-4549408.jpeg?auto=compress&amp;cs=tinysrgb&amp;w=1260&amp;h=750&amp;dpr=1\" \/>\n<meta name=\"twitter:label1\" content=\"Dur\u00e9e de lecture estim\u00e9e\" \/>\n\t<meta name=\"twitter:data1\" content=\"3 minutes\" \/>\n<script type=\"application\/ld+json\" class=\"yoast-schema-graph\">{\"@context\":\"https:\/\/schema.org\",\"@graph\":[{\"@type\":\"WebPage\",\"@id\":\"https:\/\/www.image7.fr\/en\/document\/document-test\/\",\"url\":\"https:\/\/www.image7.fr\/en\/document\/document-test\/\",\"name\":\"Assujetir - Image Sept\",\"isPartOf\":{\"@id\":\"https:\/\/www.image7.fr\/en\/#website\"},\"primaryImageOfPage\":{\"@id\":\"https:\/\/www.image7.fr\/en\/document\/document-test\/#primaryimage\"},\"image\":{\"@id\":\"https:\/\/www.image7.fr\/en\/document\/document-test\/#primaryimage\"},\"thumbnailUrl\":\"https:\/\/images.pexels.com\/photos\/4549408\/pexels-photo-4549408.jpeg?auto=compress&amp;cs=tinysrgb&amp;w=1260&amp;h=750&amp;dpr=1\",\"datePublished\":\"2023-01-13T15:37:59+00:00\",\"breadcrumb\":{\"@id\":\"https:\/\/www.image7.fr\/en\/document\/document-test\/#breadcrumb\"},\"inLanguage\":\"fr-FR\",\"potentialAction\":[{\"@type\":\"ReadAction\",\"target\":[\"https:\/\/www.image7.fr\/en\/document\/document-test\/\"]}]},{\"@type\":\"ImageObject\",\"inLanguage\":\"fr-FR\",\"@id\":\"https:\/\/www.image7.fr\/en\/document\/document-test\/#primaryimage\",\"url\":\"https:\/\/images.pexels.com\/photos\/4549408\/pexels-photo-4549408.jpeg?auto=compress&amp;cs=tinysrgb&amp;w=1260&amp;h=750&amp;dpr=1\",\"contentUrl\":\"https:\/\/images.pexels.com\/photos\/4549408\/pexels-photo-4549408.jpeg?auto=compress&amp;cs=tinysrgb&amp;w=1260&amp;h=750&amp;dpr=1\"},{\"@type\":\"BreadcrumbList\",\"@id\":\"https:\/\/www.image7.fr\/en\/document\/document-test\/#breadcrumb\",\"itemListElement\":[{\"@type\":\"ListItem\",\"position\":1,\"name\":\"Accueil\",\"item\":\"https:\/\/www.image7.fr\/en\/\"},{\"@type\":\"ListItem\",\"position\":2,\"name\":\"Document\",\"item\":\"https:\/\/www.image7.fr\/en\/document\/\"},{\"@type\":\"ListItem\",\"position\":3,\"name\":\"Assujetir\"}]},{\"@type\":\"WebSite\",\"@id\":\"https:\/\/www.image7.fr\/en\/#website\",\"url\":\"https:\/\/www.image7.fr\/en\/\",\"name\":\"Image Sept\",\"description\":\"Un site utilisant R\u00e9seau Image 7\",\"potentialAction\":[{\"@type\":\"SearchAction\",\"target\":{\"@type\":\"EntryPoint\",\"urlTemplate\":\"https:\/\/www.image7.fr\/en\/?s={search_term_string}\"},\"query-input\":{\"@type\":\"PropertyValueSpecification\",\"valueRequired\":true,\"valueName\":\"search_term_string\"}}],\"inLanguage\":\"fr-FR\"}]}<\/script>\n<!-- \/ Yoast SEO plugin. -->","yoast_head_json":{"title":"Assujetir - Image Sept","robots":{"index":"index","follow":"follow","max-snippet":"max-snippet:-1","max-image-preview":"max-image-preview:large","max-video-preview":"max-video-preview:-1"},"canonical":"https:\/\/www.image7.fr\/en\/document\/document-test\/","og_locale":"fr_FR","og_type":"article","og_title":"Assujetir - Image Sept","og_description":"CAHIER DE TENDANCE #120 | 13 JANVIER 2023 Le ministre de l\u2019\u00c9conomie a lanc\u00e9 une consultation pour savoir comment l\u2019\u00c9tat devait g\u00e9rer les influenceurs. Sa communication \u00e9pouse les codes des r\u00e9seaux sociaux. Pour traiter d\u2019un sujet, ne faut-il pas utiliser les codes de ceux qui doivent participer ? L\u00e0, le ministre promeut son message dans [&hellip;]","og_url":"https:\/\/www.image7.fr\/en\/document\/document-test\/","og_site_name":"Image Sept","og_image":[{"url":"https:\/\/images.pexels.com\/photos\/4549408\/pexels-photo-4549408.jpeg?auto=compress&amp;cs=tinysrgb&amp;w=1260&amp;h=750&amp;dpr=1","type":"","width":"","height":""}],"twitter_misc":{"Dur\u00e9e de lecture estim\u00e9e":"3 minutes"},"schema":{"@context":"https:\/\/schema.org","@graph":[{"@type":"WebPage","@id":"https:\/\/www.image7.fr\/en\/document\/document-test\/","url":"https:\/\/www.image7.fr\/en\/document\/document-test\/","name":"Assujetir - Image Sept","isPartOf":{"@id":"https:\/\/www.image7.fr\/en\/#website"},"primaryImageOfPage":{"@id":"https:\/\/www.image7.fr\/en\/document\/document-test\/#primaryimage"},"image":{"@id":"https:\/\/www.image7.fr\/en\/document\/document-test\/#primaryimage"},"thumbnailUrl":"https:\/\/images.pexels.com\/photos\/4549408\/pexels-photo-4549408.jpeg?auto=compress&amp;cs=tinysrgb&amp;w=1260&amp;h=750&amp;dpr=1","datePublished":"2023-01-13T15:37:59+00:00","breadcrumb":{"@id":"https:\/\/www.image7.fr\/en\/document\/document-test\/#breadcrumb"},"inLanguage":"fr-FR","potentialAction":[{"@type":"ReadAction","target":["https:\/\/www.image7.fr\/en\/document\/document-test\/"]}]},{"@type":"ImageObject","inLanguage":"fr-FR","@id":"https:\/\/www.image7.fr\/en\/document\/document-test\/#primaryimage","url":"https:\/\/images.pexels.com\/photos\/4549408\/pexels-photo-4549408.jpeg?auto=compress&amp;cs=tinysrgb&amp;w=1260&amp;h=750&amp;dpr=1","contentUrl":"https:\/\/images.pexels.com\/photos\/4549408\/pexels-photo-4549408.jpeg?auto=compress&amp;cs=tinysrgb&amp;w=1260&amp;h=750&amp;dpr=1"},{"@type":"BreadcrumbList","@id":"https:\/\/www.image7.fr\/en\/document\/document-test\/#breadcrumb","itemListElement":[{"@type":"ListItem","position":1,"name":"Accueil","item":"https:\/\/www.image7.fr\/en\/"},{"@type":"ListItem","position":2,"name":"Document","item":"https:\/\/www.image7.fr\/en\/document\/"},{"@type":"ListItem","position":3,"name":"Assujetir"}]},{"@type":"WebSite","@id":"https:\/\/www.image7.fr\/en\/#website","url":"https:\/\/www.image7.fr\/en\/","name":"Image Sept","description":"Un site utilisant R\u00e9seau Image 7","potentialAction":[{"@type":"SearchAction","target":{"@type":"EntryPoint","urlTemplate":"https:\/\/www.image7.fr\/en\/?s={search_term_string}"},"query-input":{"@type":"PropertyValueSpecification","valueRequired":true,"valueName":"search_term_string"}}],"inLanguage":"fr-FR"}]}},"acf":[],"_links":{"self":[{"href":"https:\/\/www.image7.fr\/en\/wp-json\/wp\/v2\/document\/686","targetHints":{"allow":["GET"]}}],"collection":[{"href":"https:\/\/www.image7.fr\/en\/wp-json\/wp\/v2\/document"}],"about":[{"href":"https:\/\/www.image7.fr\/en\/wp-json\/wp\/v2\/types\/document"}],"wp:attachment":[{"href":"https:\/\/www.image7.fr\/en\/wp-json\/wp\/v2\/media?parent=686"}],"wp:term":[{"taxonomy":"categorie_documents","embeddable":true,"href":"https:\/\/www.image7.fr\/en\/wp-json\/wp\/v2\/categorie_documents?post=686"}],"curies":[{"name":"wp","href":"https:\/\/api.w.org\/{rel}","templated":true}]}}