{"id":689,"date":"2023-06-08T16:39:27","date_gmt":"2023-06-08T15:39:27","guid":{"rendered":"https:\/\/www.image7.fr\/?post_type=document&amp;p=689"},"modified":"2023-06-08T16:39:27","modified_gmt":"2023-06-08T15:39:27","slug":"document-test-rse-1","status":"publish","type":"document","link":"https:\/\/www.image7.fr\/en\/document\/document-test-rse-1\/","title":{"rendered":"Seule l\u2019Europe se croit seule au monde"},"content":{"rendered":"<p><img loading=\"lazy\" decoding=\"async\" class=\"alignleft\" src=\"https:\/\/images.pexels.com\/photos\/113885\/pexels-photo-113885.jpeg?auto=compress&amp;cs=tinysrgb&amp;w=1260&amp;h=750&amp;dpr=1\" alt=\"Gratuit Photos gratuites de brexit, c\u00e9l\u00e9brit\u00e9s, drapeau Photos\" width=\"311\" height=\"207\" \/>L\u2019Europe, en avance sur les autres zones g\u00e9ographiques, a mis en \u0153uvre un syst\u00e8me d\u2019\u00e9change de quotas d\u2019\u00e9mission (SEQE) d\u00e8s 2005 se traduisant pas la d\u00e9livrance de quotas gratuits d\u2019\u00e9mission de CO2 pour les industriels bas\u00e9s sur leurs \u00e9missions historiques.<\/p>\n<p>&nbsp;<\/p>\n<p>\u00ab En r\u00e9alit\u00e9, le syst\u00e8me a \u00e9t\u00e9 d\u00e9voy\u00e9 \u00bb r\u00e9sume Julien Hanoteau pour Le Monde, professeur d\u2019\u00e9conomie et d\u00e9veloppement durable \u00e0 la Kedge Business School d\u2019Aix-Marseille. Les entreprises se sont adapt\u00e9es en d\u00e9localisant leurs productions et donc leurs \u00e9missions hors d\u2019Europe voire en faisant des b\u00e9n\u00e9fices sur la revente de leur exc\u00e9dent de quotas. La future mise en place de la taxe carbone ou M\u00e9canisme d\u2019Ajustement Carbone aux Fronti\u00e8res, en imposant un surco\u00fbt pour les importateurs, laisse pr\u00e9sager le m\u00eame spectre de d\u00e9sindustrialisation.<\/p>\n<p>&nbsp;<\/p>\n<p>Pour les Etats-Unis, l\u2019enjeu de r\u00e9duire les \u00e9missions de CO2 est per\u00e7u comme une opportunit\u00e9 historique : \u00ab La troisi\u00e8me r\u00e9volution \u00e9nerg\u00e9tique des Etats-Unis \u00bb. Celle-ci devrait permettre de produire plus de deux fois l&rsquo;\u00e9nergie que celle d\u00e9gag\u00e9e par la deuxi\u00e8me r\u00e9volution, celle des gaz de schiste, qui a commenc\u00e9 aux Etats-Unis il y a une douzaine d&rsquo;ann\u00e9es selon une \u00e9tude de Goldman Sachs. Cette nouvelle r\u00e9volution pourrait entra\u00eener 3.000 milliards de dollars d&rsquo;investissement dans les infrastructures au cours de la prochaine d\u00e9cennie, consacr\u00e9s \u00e0 la production d\u2019\u00e9nergie renouvelables, la modernisation des r\u00e9seaux de distribution et l\u2019am\u00e9lioration de l\u2019efficacit\u00e9 \u00e9nerg\u00e9tique des b\u00e2timents.<\/p>\n","protected":false},"featured_media":0,"menu_order":15,"template":"","meta":{"_acf_changed":false},"categorie_documents":[38],"class_list":["post-689","document","type-document","status-publish","hentry","categorie_documents-syntheses-rse"],"yoast_head":"<!-- This site is optimized with the Yoast SEO plugin v27.1.1 - https:\/\/yoast.com\/product\/yoast-seo-wordpress\/ -->\n<title>Seule l\u2019Europe se croit seule au monde - Image Sept<\/title>\n<meta name=\"robots\" content=\"index, follow, max-snippet:-1, max-image-preview:large, max-video-preview:-1\" \/>\n<link rel=\"canonical\" href=\"https:\/\/www.image7.fr\/en\/document\/document-test-rse-1\/\" \/>\n<meta property=\"og:locale\" content=\"fr_FR\" \/>\n<meta property=\"og:type\" content=\"article\" \/>\n<meta property=\"og:title\" content=\"Seule l\u2019Europe se croit seule au monde - Image Sept\" \/>\n<meta property=\"og:description\" content=\"L\u2019Europe, en avance sur les autres zones g\u00e9ographiques, a mis en \u0153uvre un syst\u00e8me d\u2019\u00e9change de quotas d\u2019\u00e9mission (SEQE) d\u00e8s 2005 se traduisant pas la d\u00e9livrance de quotas gratuits d\u2019\u00e9mission de CO2 pour les industriels bas\u00e9s sur leurs \u00e9missions historiques. &nbsp; \u00ab En r\u00e9alit\u00e9, le syst\u00e8me a \u00e9t\u00e9 d\u00e9voy\u00e9 \u00bb r\u00e9sume Julien Hanoteau pour Le [&hellip;]\" \/>\n<meta property=\"og:url\" content=\"https:\/\/www.image7.fr\/en\/document\/document-test-rse-1\/\" \/>\n<meta property=\"og:site_name\" content=\"Image Sept\" \/>\n<meta property=\"og:image\" content=\"https:\/\/images.pexels.com\/photos\/113885\/pexels-photo-113885.jpeg?auto=compress&amp;cs=tinysrgb&amp;w=1260&amp;h=750&amp;dpr=1\" \/>\n<meta name=\"twitter:label1\" content=\"Dur\u00e9e de lecture estim\u00e9e\" \/>\n\t<meta name=\"twitter:data1\" content=\"2 minutes\" \/>\n<script type=\"application\/ld+json\" class=\"yoast-schema-graph\">{\"@context\":\"https:\/\/schema.org\",\"@graph\":[{\"@type\":\"WebPage\",\"@id\":\"https:\/\/www.image7.fr\/en\/document\/document-test-rse-1\/\",\"url\":\"https:\/\/www.image7.fr\/en\/document\/document-test-rse-1\/\",\"name\":\"Seule l\u2019Europe se croit seule au monde - Image Sept\",\"isPartOf\":{\"@id\":\"https:\/\/www.image7.fr\/en\/#website\"},\"primaryImageOfPage\":{\"@id\":\"https:\/\/www.image7.fr\/en\/document\/document-test-rse-1\/#primaryimage\"},\"image\":{\"@id\":\"https:\/\/www.image7.fr\/en\/document\/document-test-rse-1\/#primaryimage\"},\"thumbnailUrl\":\"https:\/\/images.pexels.com\/photos\/113885\/pexels-photo-113885.jpeg?auto=compress&amp;cs=tinysrgb&amp;w=1260&amp;h=750&amp;dpr=1\",\"datePublished\":\"2023-06-08T15:39:27+00:00\",\"breadcrumb\":{\"@id\":\"https:\/\/www.image7.fr\/en\/document\/document-test-rse-1\/#breadcrumb\"},\"inLanguage\":\"fr-FR\",\"potentialAction\":[{\"@type\":\"ReadAction\",\"target\":[\"https:\/\/www.image7.fr\/en\/document\/document-test-rse-1\/\"]}]},{\"@type\":\"ImageObject\",\"inLanguage\":\"fr-FR\",\"@id\":\"https:\/\/www.image7.fr\/en\/document\/document-test-rse-1\/#primaryimage\",\"url\":\"https:\/\/images.pexels.com\/photos\/113885\/pexels-photo-113885.jpeg?auto=compress&amp;cs=tinysrgb&amp;w=1260&amp;h=750&amp;dpr=1\",\"contentUrl\":\"https:\/\/images.pexels.com\/photos\/113885\/pexels-photo-113885.jpeg?auto=compress&amp;cs=tinysrgb&amp;w=1260&amp;h=750&amp;dpr=1\"},{\"@type\":\"BreadcrumbList\",\"@id\":\"https:\/\/www.image7.fr\/en\/document\/document-test-rse-1\/#breadcrumb\",\"itemListElement\":[{\"@type\":\"ListItem\",\"position\":1,\"name\":\"Accueil\",\"item\":\"https:\/\/www.image7.fr\/en\/\"},{\"@type\":\"ListItem\",\"position\":2,\"name\":\"Document\",\"item\":\"https:\/\/www.image7.fr\/en\/document\/\"},{\"@type\":\"ListItem\",\"position\":3,\"name\":\"Seule l\u2019Europe se croit seule au monde\"}]},{\"@type\":\"WebSite\",\"@id\":\"https:\/\/www.image7.fr\/en\/#website\",\"url\":\"https:\/\/www.image7.fr\/en\/\",\"name\":\"Image Sept\",\"description\":\"Un site utilisant R\u00e9seau Image 7\",\"potentialAction\":[{\"@type\":\"SearchAction\",\"target\":{\"@type\":\"EntryPoint\",\"urlTemplate\":\"https:\/\/www.image7.fr\/en\/?s={search_term_string}\"},\"query-input\":{\"@type\":\"PropertyValueSpecification\",\"valueRequired\":true,\"valueName\":\"search_term_string\"}}],\"inLanguage\":\"fr-FR\"}]}<\/script>\n<!-- \/ Yoast SEO plugin. -->","yoast_head_json":{"title":"Seule l\u2019Europe se croit seule au monde - Image Sept","robots":{"index":"index","follow":"follow","max-snippet":"max-snippet:-1","max-image-preview":"max-image-preview:large","max-video-preview":"max-video-preview:-1"},"canonical":"https:\/\/www.image7.fr\/en\/document\/document-test-rse-1\/","og_locale":"fr_FR","og_type":"article","og_title":"Seule l\u2019Europe se croit seule au monde - Image Sept","og_description":"L\u2019Europe, en avance sur les autres zones g\u00e9ographiques, a mis en \u0153uvre un syst\u00e8me d\u2019\u00e9change de quotas d\u2019\u00e9mission (SEQE) d\u00e8s 2005 se traduisant pas la d\u00e9livrance de quotas gratuits d\u2019\u00e9mission de CO2 pour les industriels bas\u00e9s sur leurs \u00e9missions historiques. &nbsp; \u00ab En r\u00e9alit\u00e9, le syst\u00e8me a \u00e9t\u00e9 d\u00e9voy\u00e9 \u00bb r\u00e9sume Julien Hanoteau pour Le [&hellip;]","og_url":"https:\/\/www.image7.fr\/en\/document\/document-test-rse-1\/","og_site_name":"Image Sept","og_image":[{"url":"https:\/\/images.pexels.com\/photos\/113885\/pexels-photo-113885.jpeg?auto=compress&amp;cs=tinysrgb&amp;w=1260&amp;h=750&amp;dpr=1","type":"","width":"","height":""}],"twitter_misc":{"Dur\u00e9e de lecture estim\u00e9e":"2 minutes"},"schema":{"@context":"https:\/\/schema.org","@graph":[{"@type":"WebPage","@id":"https:\/\/www.image7.fr\/en\/document\/document-test-rse-1\/","url":"https:\/\/www.image7.fr\/en\/document\/document-test-rse-1\/","name":"Seule l\u2019Europe se croit seule au monde - Image Sept","isPartOf":{"@id":"https:\/\/www.image7.fr\/en\/#website"},"primaryImageOfPage":{"@id":"https:\/\/www.image7.fr\/en\/document\/document-test-rse-1\/#primaryimage"},"image":{"@id":"https:\/\/www.image7.fr\/en\/document\/document-test-rse-1\/#primaryimage"},"thumbnailUrl":"https:\/\/images.pexels.com\/photos\/113885\/pexels-photo-113885.jpeg?auto=compress&amp;cs=tinysrgb&amp;w=1260&amp;h=750&amp;dpr=1","datePublished":"2023-06-08T15:39:27+00:00","breadcrumb":{"@id":"https:\/\/www.image7.fr\/en\/document\/document-test-rse-1\/#breadcrumb"},"inLanguage":"fr-FR","potentialAction":[{"@type":"ReadAction","target":["https:\/\/www.image7.fr\/en\/document\/document-test-rse-1\/"]}]},{"@type":"ImageObject","inLanguage":"fr-FR","@id":"https:\/\/www.image7.fr\/en\/document\/document-test-rse-1\/#primaryimage","url":"https:\/\/images.pexels.com\/photos\/113885\/pexels-photo-113885.jpeg?auto=compress&amp;cs=tinysrgb&amp;w=1260&amp;h=750&amp;dpr=1","contentUrl":"https:\/\/images.pexels.com\/photos\/113885\/pexels-photo-113885.jpeg?auto=compress&amp;cs=tinysrgb&amp;w=1260&amp;h=750&amp;dpr=1"},{"@type":"BreadcrumbList","@id":"https:\/\/www.image7.fr\/en\/document\/document-test-rse-1\/#breadcrumb","itemListElement":[{"@type":"ListItem","position":1,"name":"Accueil","item":"https:\/\/www.image7.fr\/en\/"},{"@type":"ListItem","position":2,"name":"Document","item":"https:\/\/www.image7.fr\/en\/document\/"},{"@type":"ListItem","position":3,"name":"Seule l\u2019Europe se croit seule au monde"}]},{"@type":"WebSite","@id":"https:\/\/www.image7.fr\/en\/#website","url":"https:\/\/www.image7.fr\/en\/","name":"Image Sept","description":"Un site utilisant R\u00e9seau Image 7","potentialAction":[{"@type":"SearchAction","target":{"@type":"EntryPoint","urlTemplate":"https:\/\/www.image7.fr\/en\/?s={search_term_string}"},"query-input":{"@type":"PropertyValueSpecification","valueRequired":true,"valueName":"search_term_string"}}],"inLanguage":"fr-FR"}]}},"acf":[],"_links":{"self":[{"href":"https:\/\/www.image7.fr\/en\/wp-json\/wp\/v2\/document\/689","targetHints":{"allow":["GET"]}}],"collection":[{"href":"https:\/\/www.image7.fr\/en\/wp-json\/wp\/v2\/document"}],"about":[{"href":"https:\/\/www.image7.fr\/en\/wp-json\/wp\/v2\/types\/document"}],"wp:attachment":[{"href":"https:\/\/www.image7.fr\/en\/wp-json\/wp\/v2\/media?parent=689"}],"wp:term":[{"taxonomy":"categorie_documents","embeddable":true,"href":"https:\/\/www.image7.fr\/en\/wp-json\/wp\/v2\/categorie_documents?post=689"}],"curies":[{"name":"wp","href":"https:\/\/api.w.org\/{rel}","templated":true}]}}