{"id":693,"date":"2023-05-19T10:05:54","date_gmt":"2023-05-19T09:05:54","guid":{"rendered":"https:\/\/www.image7.fr\/?post_type=document&amp;p=693"},"modified":"2023-05-19T10:05:54","modified_gmt":"2023-05-19T09:05:54","slug":"document-rse-3","status":"publish","type":"document","link":"https:\/\/www.image7.fr\/en\/document\/document-rse-3\/","title":{"rendered":"Beyond growth : un objectif europ\u00e9en"},"content":{"rendered":"<p><img loading=\"lazy\" decoding=\"async\" class=\"alignleft\" src=\"https:\/\/images.pexels.com\/photos\/27406\/pexels-photo-27406.jpg?auto=compress&amp;cs=tinysrgb&amp;w=1260&amp;h=750&amp;dpr=1\" alt=\"Gratuit B\u00e2timent Blanc Et Bleu Pendant La Journ\u00e9e Photos\" width=\"310\" height=\"206\" \/>La France se f\u00e9licite de son attractivit\u00e9 aupr\u00e8s des investisseurs \u00e9trangers avec 13 milliards d\u2019Euros d\u2019investissements annonc\u00e9s lors du r\u00e9cent sommet Choose France. Un peu plus t\u00f4t, le Pr\u00e9sident Marcron pr\u00e9sentait le plan \u00ab industrie verte \u00bb et demandait une \u00ab pause r\u00e9glementaire \u00bb dans l\u2019Union europ\u00e9enne \u00bb.<\/p>\n<p>&nbsp;<\/p>\n<p>Pendant ce temps, Ursula Van der Lyen porte un tout autre discours lors du sommet europ\u00e9en Beyond growth en d\u00e9clarant dans son discours inaugural : \u00ab Un mod\u00e8le de croissance centr\u00e9 sur les \u00e9nergies fossiles est tout simplement obsol\u00e8te \u00bb. Le sommet visera notamment \u00e0 montrer \u00ab comment les politiques macro\u00e9conomiques pourraient s&rsquo;adapter aux objectifs politiques de l&rsquo;UE et au Green Deal avec une perspective post-croissance sur la promotion des investissements verts et sociaux, la lutte contre les in\u00e9galit\u00e9s et la redistribution \u00bb. L\u2019objectif est \u00e9galement de \u00ab fournir des recommandations concr\u00e8tes pour faire \u00e9voluer le mod\u00e8le \u00e9conomique europ\u00e9en vers un nouveau mod\u00e8le post-croissance, avec pour objectif l&rsquo;\u00e9panouissement au lieu de la croissance \u00bb.<\/p>\n<p>&nbsp;<\/p>\n<p>De son c\u00f4t\u00e9 la Grande-Bretagne choisit une autre voie et annonce la cr\u00e9ation de cr\u00e9dit biodiversit\u00e9 pour les promoteurs immobiliers. L\u2019annonce suscite de nombreux commentaires hostiles apr\u00e8s le succ\u00e8s mitig\u00e9 des cr\u00e9dits carbone.<\/p>\n","protected":false},"featured_media":0,"menu_order":12,"template":"","meta":{"_acf_changed":false},"categorie_documents":[38],"class_list":["post-693","document","type-document","status-publish","hentry","categorie_documents-syntheses-rse"],"yoast_head":"<!-- This site is optimized with the Yoast SEO plugin v27.1.1 - https:\/\/yoast.com\/product\/yoast-seo-wordpress\/ -->\n<title>Beyond growth : un objectif europ\u00e9en - Image Sept<\/title>\n<meta name=\"robots\" content=\"index, follow, max-snippet:-1, max-image-preview:large, max-video-preview:-1\" \/>\n<link rel=\"canonical\" href=\"https:\/\/www.image7.fr\/en\/document\/document-rse-3\/\" \/>\n<meta property=\"og:locale\" content=\"fr_FR\" \/>\n<meta property=\"og:type\" content=\"article\" \/>\n<meta property=\"og:title\" content=\"Beyond growth : un objectif europ\u00e9en - Image Sept\" \/>\n<meta property=\"og:description\" content=\"La France se f\u00e9licite de son attractivit\u00e9 aupr\u00e8s des investisseurs \u00e9trangers avec 13 milliards d\u2019Euros d\u2019investissements annonc\u00e9s lors du r\u00e9cent sommet Choose France. Un peu plus t\u00f4t, le Pr\u00e9sident Marcron pr\u00e9sentait le plan \u00ab industrie verte \u00bb et demandait une \u00ab pause r\u00e9glementaire \u00bb dans l\u2019Union europ\u00e9enne \u00bb. &nbsp; Pendant ce temps, Ursula Van der [&hellip;]\" \/>\n<meta property=\"og:url\" content=\"https:\/\/www.image7.fr\/en\/document\/document-rse-3\/\" \/>\n<meta property=\"og:site_name\" content=\"Image Sept\" \/>\n<meta property=\"og:image\" content=\"https:\/\/images.pexels.com\/photos\/27406\/pexels-photo-27406.jpg?auto=compress&amp;cs=tinysrgb&amp;w=1260&amp;h=750&amp;dpr=1\" \/>\n<meta name=\"twitter:label1\" content=\"Dur\u00e9e de lecture estim\u00e9e\" \/>\n\t<meta name=\"twitter:data1\" content=\"2 minutes\" \/>\n<script type=\"application\/ld+json\" class=\"yoast-schema-graph\">{\"@context\":\"https:\/\/schema.org\",\"@graph\":[{\"@type\":\"WebPage\",\"@id\":\"https:\/\/www.image7.fr\/en\/document\/document-rse-3\/\",\"url\":\"https:\/\/www.image7.fr\/en\/document\/document-rse-3\/\",\"name\":\"Beyond growth : un objectif europ\u00e9en - Image Sept\",\"isPartOf\":{\"@id\":\"https:\/\/www.image7.fr\/en\/#website\"},\"primaryImageOfPage\":{\"@id\":\"https:\/\/www.image7.fr\/en\/document\/document-rse-3\/#primaryimage\"},\"image\":{\"@id\":\"https:\/\/www.image7.fr\/en\/document\/document-rse-3\/#primaryimage\"},\"thumbnailUrl\":\"https:\/\/images.pexels.com\/photos\/27406\/pexels-photo-27406.jpg?auto=compress&amp;cs=tinysrgb&amp;w=1260&amp;h=750&amp;dpr=1\",\"datePublished\":\"2023-05-19T09:05:54+00:00\",\"breadcrumb\":{\"@id\":\"https:\/\/www.image7.fr\/en\/document\/document-rse-3\/#breadcrumb\"},\"inLanguage\":\"fr-FR\",\"potentialAction\":[{\"@type\":\"ReadAction\",\"target\":[\"https:\/\/www.image7.fr\/en\/document\/document-rse-3\/\"]}]},{\"@type\":\"ImageObject\",\"inLanguage\":\"fr-FR\",\"@id\":\"https:\/\/www.image7.fr\/en\/document\/document-rse-3\/#primaryimage\",\"url\":\"https:\/\/images.pexels.com\/photos\/27406\/pexels-photo-27406.jpg?auto=compress&amp;cs=tinysrgb&amp;w=1260&amp;h=750&amp;dpr=1\",\"contentUrl\":\"https:\/\/images.pexels.com\/photos\/27406\/pexels-photo-27406.jpg?auto=compress&amp;cs=tinysrgb&amp;w=1260&amp;h=750&amp;dpr=1\"},{\"@type\":\"BreadcrumbList\",\"@id\":\"https:\/\/www.image7.fr\/en\/document\/document-rse-3\/#breadcrumb\",\"itemListElement\":[{\"@type\":\"ListItem\",\"position\":1,\"name\":\"Accueil\",\"item\":\"https:\/\/www.image7.fr\/en\/\"},{\"@type\":\"ListItem\",\"position\":2,\"name\":\"Document\",\"item\":\"https:\/\/www.image7.fr\/en\/document\/\"},{\"@type\":\"ListItem\",\"position\":3,\"name\":\"Beyond growth : un objectif europ\u00e9en\"}]},{\"@type\":\"WebSite\",\"@id\":\"https:\/\/www.image7.fr\/en\/#website\",\"url\":\"https:\/\/www.image7.fr\/en\/\",\"name\":\"Image Sept\",\"description\":\"Un site utilisant R\u00e9seau Image 7\",\"potentialAction\":[{\"@type\":\"SearchAction\",\"target\":{\"@type\":\"EntryPoint\",\"urlTemplate\":\"https:\/\/www.image7.fr\/en\/?s={search_term_string}\"},\"query-input\":{\"@type\":\"PropertyValueSpecification\",\"valueRequired\":true,\"valueName\":\"search_term_string\"}}],\"inLanguage\":\"fr-FR\"}]}<\/script>\n<!-- \/ Yoast SEO plugin. -->","yoast_head_json":{"title":"Beyond growth : un objectif europ\u00e9en - Image Sept","robots":{"index":"index","follow":"follow","max-snippet":"max-snippet:-1","max-image-preview":"max-image-preview:large","max-video-preview":"max-video-preview:-1"},"canonical":"https:\/\/www.image7.fr\/en\/document\/document-rse-3\/","og_locale":"fr_FR","og_type":"article","og_title":"Beyond growth : un objectif europ\u00e9en - Image Sept","og_description":"La France se f\u00e9licite de son attractivit\u00e9 aupr\u00e8s des investisseurs \u00e9trangers avec 13 milliards d\u2019Euros d\u2019investissements annonc\u00e9s lors du r\u00e9cent sommet Choose France. Un peu plus t\u00f4t, le Pr\u00e9sident Marcron pr\u00e9sentait le plan \u00ab industrie verte \u00bb et demandait une \u00ab pause r\u00e9glementaire \u00bb dans l\u2019Union europ\u00e9enne \u00bb. &nbsp; Pendant ce temps, Ursula Van der [&hellip;]","og_url":"https:\/\/www.image7.fr\/en\/document\/document-rse-3\/","og_site_name":"Image Sept","og_image":[{"url":"https:\/\/images.pexels.com\/photos\/27406\/pexels-photo-27406.jpg?auto=compress&amp;cs=tinysrgb&amp;w=1260&amp;h=750&amp;dpr=1","type":"","width":"","height":""}],"twitter_misc":{"Dur\u00e9e de lecture estim\u00e9e":"2 minutes"},"schema":{"@context":"https:\/\/schema.org","@graph":[{"@type":"WebPage","@id":"https:\/\/www.image7.fr\/en\/document\/document-rse-3\/","url":"https:\/\/www.image7.fr\/en\/document\/document-rse-3\/","name":"Beyond growth : un objectif europ\u00e9en - Image Sept","isPartOf":{"@id":"https:\/\/www.image7.fr\/en\/#website"},"primaryImageOfPage":{"@id":"https:\/\/www.image7.fr\/en\/document\/document-rse-3\/#primaryimage"},"image":{"@id":"https:\/\/www.image7.fr\/en\/document\/document-rse-3\/#primaryimage"},"thumbnailUrl":"https:\/\/images.pexels.com\/photos\/27406\/pexels-photo-27406.jpg?auto=compress&amp;cs=tinysrgb&amp;w=1260&amp;h=750&amp;dpr=1","datePublished":"2023-05-19T09:05:54+00:00","breadcrumb":{"@id":"https:\/\/www.image7.fr\/en\/document\/document-rse-3\/#breadcrumb"},"inLanguage":"fr-FR","potentialAction":[{"@type":"ReadAction","target":["https:\/\/www.image7.fr\/en\/document\/document-rse-3\/"]}]},{"@type":"ImageObject","inLanguage":"fr-FR","@id":"https:\/\/www.image7.fr\/en\/document\/document-rse-3\/#primaryimage","url":"https:\/\/images.pexels.com\/photos\/27406\/pexels-photo-27406.jpg?auto=compress&amp;cs=tinysrgb&amp;w=1260&amp;h=750&amp;dpr=1","contentUrl":"https:\/\/images.pexels.com\/photos\/27406\/pexels-photo-27406.jpg?auto=compress&amp;cs=tinysrgb&amp;w=1260&amp;h=750&amp;dpr=1"},{"@type":"BreadcrumbList","@id":"https:\/\/www.image7.fr\/en\/document\/document-rse-3\/#breadcrumb","itemListElement":[{"@type":"ListItem","position":1,"name":"Accueil","item":"https:\/\/www.image7.fr\/en\/"},{"@type":"ListItem","position":2,"name":"Document","item":"https:\/\/www.image7.fr\/en\/document\/"},{"@type":"ListItem","position":3,"name":"Beyond growth : un objectif europ\u00e9en"}]},{"@type":"WebSite","@id":"https:\/\/www.image7.fr\/en\/#website","url":"https:\/\/www.image7.fr\/en\/","name":"Image Sept","description":"Un site utilisant R\u00e9seau Image 7","potentialAction":[{"@type":"SearchAction","target":{"@type":"EntryPoint","urlTemplate":"https:\/\/www.image7.fr\/en\/?s={search_term_string}"},"query-input":{"@type":"PropertyValueSpecification","valueRequired":true,"valueName":"search_term_string"}}],"inLanguage":"fr-FR"}]}},"acf":[],"_links":{"self":[{"href":"https:\/\/www.image7.fr\/en\/wp-json\/wp\/v2\/document\/693","targetHints":{"allow":["GET"]}}],"collection":[{"href":"https:\/\/www.image7.fr\/en\/wp-json\/wp\/v2\/document"}],"about":[{"href":"https:\/\/www.image7.fr\/en\/wp-json\/wp\/v2\/types\/document"}],"wp:attachment":[{"href":"https:\/\/www.image7.fr\/en\/wp-json\/wp\/v2\/media?parent=693"}],"wp:term":[{"taxonomy":"categorie_documents","embeddable":true,"href":"https:\/\/www.image7.fr\/en\/wp-json\/wp\/v2\/categorie_documents?post=693"}],"curies":[{"name":"wp","href":"https:\/\/api.w.org\/{rel}","templated":true}]}}