{"id":700,"date":"2023-06-28T11:28:33","date_gmt":"2023-06-28T10:28:33","guid":{"rendered":"https:\/\/www.image7.fr\/?post_type=document&amp;p=700"},"modified":"2023-06-28T11:28:33","modified_gmt":"2023-06-28T10:28:33","slug":"in-efficitur-sit-amet-ante-rse-7","status":"publish","type":"document","link":"https:\/\/www.image7.fr\/en\/document\/in-efficitur-sit-amet-ante-rse-7\/","title":{"rendered":"Paris \u00e0 l&rsquo;heure de la durabilit\u00e9"},"content":{"rendered":"<p><img loading=\"lazy\" decoding=\"async\" class=\"alignleft\" src=\"https:\/\/images.pexels.com\/photos\/1308940\/pexels-photo-1308940.jpeg?auto=compress&amp;cs=tinysrgb&amp;w=1260&amp;h=750&amp;dpr=1\" alt=\"Gratuit Vue A\u00e9rienne De La Tour Eiffel Photos\" width=\"311\" height=\"207\" \/>Premier Sommet de Paris pour un nouveau Pacte financier mondial : en 2 jours, les repr\u00e9sentants pr\u00e9sents d\u2019une cinquantaine de pays dont l\u2019Allemagne, la Chine, les Etats-Unis et la France ont atteint un premier \u201cconsensus\u201d pour r\u00e9former le syst\u00e8me financier global.<\/p>\n<p>&nbsp;<\/p>\n<p>Les principales annonces concernent la r\u00e9allocation de 100 milliards de dollars de Droits de Tirage Sp\u00e9ciaux vers la lutte contre la pauvret\u00e9 et les efforts pour la r\u00e9silience et la durabilit\u00e9, la cr\u00e9ation d\u2019une clause de suspension de remboursement de dette en cas de catastrophe naturelle ainsi qu\u2019une incitation pour les pr\u00eateurs priv\u00e9s \u00e0 se joindre aux financements internationaux. Cependant, de nombreuses questions restent en suspens qui pourraient \u00eatre \u00e0 l\u2019ordre du jour du prochain G20 \u00e0 Delhi en septembre et de la COP28 \u00e0 Duba\u00ef en d\u00e9cembre.<\/p>\n<p>&nbsp;<\/p>\n<p>54\u00e8me \u00e9dition du Salon du Bourget : TotalEnergies annonc\u00e9 \u00eatre en mesure de produire 0,5 million de tonnes de carburants durables en 2028 et 1,5 million en 2030 en vue de contribuer \u00e0 atteindre l\u2019utilisation de 6% de carburants durables a\u00e9riens en 2030.<\/p>\n<p>&nbsp;<\/p>\n<p>7\u00e8me \u00e9dition de Viva Tech : Comme attendu, l\u2019IA et les d\u00e9clarations d\u2019Elon Musk ont attir\u00e9 tous les regards. Seuls un petit nombre startups ont pr\u00e9sent\u00e9 des innovations favorisant le d\u00e9veloppement durable.<\/p>\n","protected":false},"featured_media":0,"menu_order":5,"template":"","meta":{"_acf_changed":false},"categorie_documents":[38],"class_list":["post-700","document","type-document","status-publish","hentry","categorie_documents-syntheses-rse"],"yoast_head":"<!-- This site is optimized with the Yoast SEO plugin v27.1.1 - https:\/\/yoast.com\/product\/yoast-seo-wordpress\/ -->\n<title>Paris \u00e0 l&#039;heure de la durabilit\u00e9 - Image Sept<\/title>\n<meta name=\"robots\" content=\"index, follow, max-snippet:-1, max-image-preview:large, max-video-preview:-1\" \/>\n<link rel=\"canonical\" href=\"https:\/\/www.image7.fr\/en\/document\/in-efficitur-sit-amet-ante-rse-7\/\" \/>\n<meta property=\"og:locale\" content=\"fr_FR\" \/>\n<meta property=\"og:type\" content=\"article\" \/>\n<meta property=\"og:title\" content=\"Paris \u00e0 l&#039;heure de la durabilit\u00e9 - Image Sept\" \/>\n<meta property=\"og:description\" content=\"Premier Sommet de Paris pour un nouveau Pacte financier mondial : en 2 jours, les repr\u00e9sentants pr\u00e9sents d\u2019une cinquantaine de pays dont l\u2019Allemagne, la Chine, les Etats-Unis et la France ont atteint un premier \u201cconsensus\u201d pour r\u00e9former le syst\u00e8me financier global. &nbsp; Les principales annonces concernent la r\u00e9allocation de 100 milliards de dollars de Droits [&hellip;]\" \/>\n<meta property=\"og:url\" content=\"https:\/\/www.image7.fr\/en\/document\/in-efficitur-sit-amet-ante-rse-7\/\" \/>\n<meta property=\"og:site_name\" content=\"Image Sept\" \/>\n<meta property=\"og:image\" content=\"https:\/\/images.pexels.com\/photos\/1308940\/pexels-photo-1308940.jpeg?auto=compress&amp;cs=tinysrgb&amp;w=1260&amp;h=750&amp;dpr=1\" \/>\n<meta name=\"twitter:label1\" content=\"Dur\u00e9e de lecture estim\u00e9e\" \/>\n\t<meta name=\"twitter:data1\" content=\"2 minutes\" \/>\n<script type=\"application\/ld+json\" class=\"yoast-schema-graph\">{\"@context\":\"https:\/\/schema.org\",\"@graph\":[{\"@type\":\"WebPage\",\"@id\":\"https:\/\/www.image7.fr\/en\/document\/in-efficitur-sit-amet-ante-rse-7\/\",\"url\":\"https:\/\/www.image7.fr\/en\/document\/in-efficitur-sit-amet-ante-rse-7\/\",\"name\":\"Paris \u00e0 l'heure de la durabilit\u00e9 - Image Sept\",\"isPartOf\":{\"@id\":\"https:\/\/www.image7.fr\/en\/#website\"},\"primaryImageOfPage\":{\"@id\":\"https:\/\/www.image7.fr\/en\/document\/in-efficitur-sit-amet-ante-rse-7\/#primaryimage\"},\"image\":{\"@id\":\"https:\/\/www.image7.fr\/en\/document\/in-efficitur-sit-amet-ante-rse-7\/#primaryimage\"},\"thumbnailUrl\":\"https:\/\/images.pexels.com\/photos\/1308940\/pexels-photo-1308940.jpeg?auto=compress&amp;cs=tinysrgb&amp;w=1260&amp;h=750&amp;dpr=1\",\"datePublished\":\"2023-06-28T10:28:33+00:00\",\"breadcrumb\":{\"@id\":\"https:\/\/www.image7.fr\/en\/document\/in-efficitur-sit-amet-ante-rse-7\/#breadcrumb\"},\"inLanguage\":\"fr-FR\",\"potentialAction\":[{\"@type\":\"ReadAction\",\"target\":[\"https:\/\/www.image7.fr\/en\/document\/in-efficitur-sit-amet-ante-rse-7\/\"]}]},{\"@type\":\"ImageObject\",\"inLanguage\":\"fr-FR\",\"@id\":\"https:\/\/www.image7.fr\/en\/document\/in-efficitur-sit-amet-ante-rse-7\/#primaryimage\",\"url\":\"https:\/\/images.pexels.com\/photos\/1308940\/pexels-photo-1308940.jpeg?auto=compress&amp;cs=tinysrgb&amp;w=1260&amp;h=750&amp;dpr=1\",\"contentUrl\":\"https:\/\/images.pexels.com\/photos\/1308940\/pexels-photo-1308940.jpeg?auto=compress&amp;cs=tinysrgb&amp;w=1260&amp;h=750&amp;dpr=1\"},{\"@type\":\"BreadcrumbList\",\"@id\":\"https:\/\/www.image7.fr\/en\/document\/in-efficitur-sit-amet-ante-rse-7\/#breadcrumb\",\"itemListElement\":[{\"@type\":\"ListItem\",\"position\":1,\"name\":\"Accueil\",\"item\":\"https:\/\/www.image7.fr\/en\/\"},{\"@type\":\"ListItem\",\"position\":2,\"name\":\"Document\",\"item\":\"https:\/\/www.image7.fr\/en\/document\/\"},{\"@type\":\"ListItem\",\"position\":3,\"name\":\"Paris \u00e0 l&rsquo;heure de la durabilit\u00e9\"}]},{\"@type\":\"WebSite\",\"@id\":\"https:\/\/www.image7.fr\/en\/#website\",\"url\":\"https:\/\/www.image7.fr\/en\/\",\"name\":\"Image Sept\",\"description\":\"Un site utilisant R\u00e9seau Image 7\",\"potentialAction\":[{\"@type\":\"SearchAction\",\"target\":{\"@type\":\"EntryPoint\",\"urlTemplate\":\"https:\/\/www.image7.fr\/en\/?s={search_term_string}\"},\"query-input\":{\"@type\":\"PropertyValueSpecification\",\"valueRequired\":true,\"valueName\":\"search_term_string\"}}],\"inLanguage\":\"fr-FR\"}]}<\/script>\n<!-- \/ Yoast SEO plugin. -->","yoast_head_json":{"title":"Paris \u00e0 l'heure de la durabilit\u00e9 - Image Sept","robots":{"index":"index","follow":"follow","max-snippet":"max-snippet:-1","max-image-preview":"max-image-preview:large","max-video-preview":"max-video-preview:-1"},"canonical":"https:\/\/www.image7.fr\/en\/document\/in-efficitur-sit-amet-ante-rse-7\/","og_locale":"fr_FR","og_type":"article","og_title":"Paris \u00e0 l'heure de la durabilit\u00e9 - Image Sept","og_description":"Premier Sommet de Paris pour un nouveau Pacte financier mondial : en 2 jours, les repr\u00e9sentants pr\u00e9sents d\u2019une cinquantaine de pays dont l\u2019Allemagne, la Chine, les Etats-Unis et la France ont atteint un premier \u201cconsensus\u201d pour r\u00e9former le syst\u00e8me financier global. &nbsp; Les principales annonces concernent la r\u00e9allocation de 100 milliards de dollars de Droits [&hellip;]","og_url":"https:\/\/www.image7.fr\/en\/document\/in-efficitur-sit-amet-ante-rse-7\/","og_site_name":"Image Sept","og_image":[{"url":"https:\/\/images.pexels.com\/photos\/1308940\/pexels-photo-1308940.jpeg?auto=compress&amp;cs=tinysrgb&amp;w=1260&amp;h=750&amp;dpr=1","type":"","width":"","height":""}],"twitter_misc":{"Dur\u00e9e de lecture estim\u00e9e":"2 minutes"},"schema":{"@context":"https:\/\/schema.org","@graph":[{"@type":"WebPage","@id":"https:\/\/www.image7.fr\/en\/document\/in-efficitur-sit-amet-ante-rse-7\/","url":"https:\/\/www.image7.fr\/en\/document\/in-efficitur-sit-amet-ante-rse-7\/","name":"Paris \u00e0 l'heure de la durabilit\u00e9 - Image Sept","isPartOf":{"@id":"https:\/\/www.image7.fr\/en\/#website"},"primaryImageOfPage":{"@id":"https:\/\/www.image7.fr\/en\/document\/in-efficitur-sit-amet-ante-rse-7\/#primaryimage"},"image":{"@id":"https:\/\/www.image7.fr\/en\/document\/in-efficitur-sit-amet-ante-rse-7\/#primaryimage"},"thumbnailUrl":"https:\/\/images.pexels.com\/photos\/1308940\/pexels-photo-1308940.jpeg?auto=compress&amp;cs=tinysrgb&amp;w=1260&amp;h=750&amp;dpr=1","datePublished":"2023-06-28T10:28:33+00:00","breadcrumb":{"@id":"https:\/\/www.image7.fr\/en\/document\/in-efficitur-sit-amet-ante-rse-7\/#breadcrumb"},"inLanguage":"fr-FR","potentialAction":[{"@type":"ReadAction","target":["https:\/\/www.image7.fr\/en\/document\/in-efficitur-sit-amet-ante-rse-7\/"]}]},{"@type":"ImageObject","inLanguage":"fr-FR","@id":"https:\/\/www.image7.fr\/en\/document\/in-efficitur-sit-amet-ante-rse-7\/#primaryimage","url":"https:\/\/images.pexels.com\/photos\/1308940\/pexels-photo-1308940.jpeg?auto=compress&amp;cs=tinysrgb&amp;w=1260&amp;h=750&amp;dpr=1","contentUrl":"https:\/\/images.pexels.com\/photos\/1308940\/pexels-photo-1308940.jpeg?auto=compress&amp;cs=tinysrgb&amp;w=1260&amp;h=750&amp;dpr=1"},{"@type":"BreadcrumbList","@id":"https:\/\/www.image7.fr\/en\/document\/in-efficitur-sit-amet-ante-rse-7\/#breadcrumb","itemListElement":[{"@type":"ListItem","position":1,"name":"Accueil","item":"https:\/\/www.image7.fr\/en\/"},{"@type":"ListItem","position":2,"name":"Document","item":"https:\/\/www.image7.fr\/en\/document\/"},{"@type":"ListItem","position":3,"name":"Paris \u00e0 l&rsquo;heure de la durabilit\u00e9"}]},{"@type":"WebSite","@id":"https:\/\/www.image7.fr\/en\/#website","url":"https:\/\/www.image7.fr\/en\/","name":"Image Sept","description":"Un site utilisant R\u00e9seau Image 7","potentialAction":[{"@type":"SearchAction","target":{"@type":"EntryPoint","urlTemplate":"https:\/\/www.image7.fr\/en\/?s={search_term_string}"},"query-input":{"@type":"PropertyValueSpecification","valueRequired":true,"valueName":"search_term_string"}}],"inLanguage":"fr-FR"}]}},"acf":[],"_links":{"self":[{"href":"https:\/\/www.image7.fr\/en\/wp-json\/wp\/v2\/document\/700","targetHints":{"allow":["GET"]}}],"collection":[{"href":"https:\/\/www.image7.fr\/en\/wp-json\/wp\/v2\/document"}],"about":[{"href":"https:\/\/www.image7.fr\/en\/wp-json\/wp\/v2\/types\/document"}],"wp:attachment":[{"href":"https:\/\/www.image7.fr\/en\/wp-json\/wp\/v2\/media?parent=700"}],"wp:term":[{"taxonomy":"categorie_documents","embeddable":true,"href":"https:\/\/www.image7.fr\/en\/wp-json\/wp\/v2\/categorie_documents?post=700"}],"curies":[{"name":"wp","href":"https:\/\/api.w.org\/{rel}","templated":true}]}}