{"id":702,"date":"2023-01-20T11:30:07","date_gmt":"2023-01-20T10:30:07","guid":{"rendered":"https:\/\/www.image7.fr\/?post_type=document&amp;p=702"},"modified":"2023-01-20T11:30:07","modified_gmt":"2023-01-20T10:30:07","slug":"cahier-de-tendance-20-01-23","status":"publish","type":"document","link":"https:\/\/www.image7.fr\/en\/document\/cahier-de-tendance-20-01-23\/","title":{"rendered":"R\u00e9formes"},"content":{"rendered":"<p>CAHIER DE TENDANCE #121 | 20 JANVIER 2023<\/p>\n<p><img loading=\"lazy\" decoding=\"async\" class=\"alignleft\" src=\"https:\/\/images.pexels.com\/photos\/3771074\/pexels-photo-3771074.jpeg?auto=compress&amp;cs=tinysrgb&amp;w=1260&amp;h=750&amp;dpr=1\" alt=\"Gratuit Enseignante Stricte Avec Livre Pointant Sur Tableau Noir Griffonn\u00e9 Photos\" width=\"311\" height=\"199\" \/>Il faudra bien s\u2019interroger un jour sur l\u2019utilisation faite \u00e0 tort et \u00e0 travers du mot \u00ab p\u00e9dagogie \u00bb, ce couteau-suisse de l\u2019argumentaire pour r\u00e9pondre aux crises. Durant plusieurs semaines, l\u2019ex\u00e9cutif a plaid\u00e9 en faveur d\u2019une \u00ab p\u00e9dagogie \u00bb accrue pour expliquer la r\u00e9forme des retraites. R\u00e9sultat : les derniers sondages montrent que les Fran\u00e7ais sont de plus en plus nombreux \u00e0 se dire \u00ab tr\u00e8s oppos\u00e9s \u00bb \u00e0 cette r\u00e9forme. Pourtant, dans le m\u00eame temps, ils sont convaincus majoritairement de la n\u00e9cessit\u00e9 d\u2019une r\u00e9forme. Oui mais&#8230; pas celle pr\u00e9sent\u00e9e par le gouvernement d\u2019Elisabeth Borne.<\/p>\n<p>&nbsp;<\/p>\n<p>Nos concitoyens seraient-ils incorrigiblement r\u00e9ticents \u00e0 toute r\u00e9forme ? On conna\u00eet l\u2019antienne. L\u00e0 aussi, les mots ont leur importance. Une r\u00e9forme signifie pour le Larousse, le changement de caract\u00e8re profond, radical apport\u00e9 \u00e0 quelque chose en particulier \u00e0 une institution, et visant \u00e0 am\u00e9liorer son fonctionnement. Sans remonter jusqu\u2019\u00e0 la r\u00e9forme mise en place par Edouard Balladur en 1993, il y a eu la r\u00e9forme Fillon en 2003 o\u00f9 il fut d\u00e9cid\u00e9 que tout le monde &#8211; que ce soit dans le public ou le priv\u00e9 \u2013 devrait d\u00e9sormais cotiser 40 ann\u00e9es pour toucher le taux complet de pension. Puis la r\u00e9forme Woerth qui fit passer de 60 \u00e0 62 ans l\u2019\u00e2ge de la retraite en 2010, puis la r\u00e9forme Touraine en 2014 qui acc\u00e9l\u00e9rait l\u2019allongement de la dur\u00e9e de cotisation pour l\u2019obtention d\u2019une retraite \u00e0 taux plein et l\u2019inscrivait dans le temps long. La question que se pose bon nombre de nos concitoyens est : Que vaut une r\u00e9forme qui, en trente ans, est remise r\u00e9guli\u00e8rement sur l\u2019\u00e9tabli ? D\u2019autant que durant ces trente derni\u00e8res ann\u00e9es droite et gauche confondu n\u2019ont pas engag\u00e9 une v\u00e9ritable politique de soutien \u00e0 la natalit\u00e9. Une telle fr\u00e9quence n\u2019est-elle pas le signe que le syst\u00e8me, lui-m\u00eame, est \u00e0 r\u00e9former et que son pronostic vital est engag\u00e9 ? Beaucoup d\u2019\u00e9ditorialistes ironisent sur les jeunes qui se mobilisent contre cette r\u00e9forme. Les arguments que ces derniers pr\u00e9sentent sont souvent d\u00e9solants, mais ne doivent pas masquer une inqui\u00e9tude r\u00e9elle : l\u2019immense majorit\u00e9 d\u2019entre eux ont la certitude qu\u2019en cotisant demain, ils n\u2019auront pas le juste retour de ce \u00e0 quoi ils ont cotis\u00e9.<\/p>\n<p>&nbsp;<\/p>\n<p>Cette question du mot \u00ab r\u00e9forme \u00bb s\u2019accompagne d\u2019une question subsidiaire : Avec une dette publique qui atteint les 3 000 milliards d\u2019euros dont pr\u00e8s de la moiti\u00e9 est d\u00e9tenue par des investisseurs \u00e9trangers, le d\u00e9fi de la France ne r\u00e9siderait-il pas davantage dans la gestion de l&rsquo;\u00c9tat que dans la question des retraites ?<br \/>\nEn affirmant que cette r\u00e9forme d\u00e9passe les seules retraites et qu\u2019elle d\u00e9termine la suite du quinquennat n\u2019a-t-on pas pris le risque de faire de ce qui est, au fond, une adaptation du syst\u00e8me aux pr\u00e9visions d\u00e9mographiques, un enjeu politique ? Depuis les derni\u00e8res l\u00e9gislatives, l\u2019ex\u00e9cutif est-il assez fort pour faire face \u00e0 ce qui risque d\u2019appara\u00eetre comme un r\u00e9f\u00e9rendum social et soci\u00e9tal encourag\u00e9 par les r\u00e9seaux sociaux et leurs caisses de r\u00e9sonance contre Emmanuel Macron ? L\u2019histoire du conflit qui s\u2019annonce est loin d\u2019\u00eatre \u00e9crite mais la bataille de l\u2019opinion va \u00eatre primordiale.<\/p>\n<p>&nbsp;<\/p>\n","protected":false},"featured_media":0,"menu_order":3,"template":"","meta":{"_acf_changed":false},"categorie_documents":[37],"class_list":["post-702","document","type-document","status-publish","hentry","categorie_documents-cahier-de-tendances"],"yoast_head":"<!-- This site is optimized with the Yoast SEO plugin v27.1.1 - https:\/\/yoast.com\/product\/yoast-seo-wordpress\/ -->\n<title>R\u00e9formes - Image Sept<\/title>\n<meta name=\"robots\" content=\"index, follow, max-snippet:-1, max-image-preview:large, max-video-preview:-1\" \/>\n<link rel=\"canonical\" href=\"https:\/\/www.image7.fr\/en\/document\/cahier-de-tendance-20-01-23\/\" \/>\n<meta property=\"og:locale\" content=\"fr_FR\" \/>\n<meta property=\"og:type\" content=\"article\" \/>\n<meta property=\"og:title\" content=\"R\u00e9formes - Image Sept\" \/>\n<meta property=\"og:description\" content=\"CAHIER DE TENDANCE #121 | 20 JANVIER 2023 Il faudra bien s\u2019interroger un jour sur l\u2019utilisation faite \u00e0 tort et \u00e0 travers du mot \u00ab p\u00e9dagogie \u00bb, ce couteau-suisse de l\u2019argumentaire pour r\u00e9pondre aux crises. Durant plusieurs semaines, l\u2019ex\u00e9cutif a plaid\u00e9 en faveur d\u2019une \u00ab p\u00e9dagogie \u00bb accrue pour expliquer la r\u00e9forme des retraites. R\u00e9sultat [&hellip;]\" \/>\n<meta property=\"og:url\" content=\"https:\/\/www.image7.fr\/en\/document\/cahier-de-tendance-20-01-23\/\" \/>\n<meta property=\"og:site_name\" content=\"Image Sept\" \/>\n<meta property=\"og:image\" content=\"https:\/\/images.pexels.com\/photos\/3771074\/pexels-photo-3771074.jpeg?auto=compress&amp;cs=tinysrgb&amp;w=1260&amp;h=750&amp;dpr=1\" \/>\n<meta name=\"twitter:label1\" content=\"Dur\u00e9e de lecture estim\u00e9e\" \/>\n\t<meta name=\"twitter:data1\" content=\"3 minutes\" \/>\n<script type=\"application\/ld+json\" class=\"yoast-schema-graph\">{\"@context\":\"https:\/\/schema.org\",\"@graph\":[{\"@type\":\"WebPage\",\"@id\":\"https:\/\/www.image7.fr\/en\/document\/cahier-de-tendance-20-01-23\/\",\"url\":\"https:\/\/www.image7.fr\/en\/document\/cahier-de-tendance-20-01-23\/\",\"name\":\"R\u00e9formes - Image Sept\",\"isPartOf\":{\"@id\":\"https:\/\/www.image7.fr\/en\/#website\"},\"primaryImageOfPage\":{\"@id\":\"https:\/\/www.image7.fr\/en\/document\/cahier-de-tendance-20-01-23\/#primaryimage\"},\"image\":{\"@id\":\"https:\/\/www.image7.fr\/en\/document\/cahier-de-tendance-20-01-23\/#primaryimage\"},\"thumbnailUrl\":\"https:\/\/images.pexels.com\/photos\/3771074\/pexels-photo-3771074.jpeg?auto=compress&amp;cs=tinysrgb&amp;w=1260&amp;h=750&amp;dpr=1\",\"datePublished\":\"2023-01-20T10:30:07+00:00\",\"breadcrumb\":{\"@id\":\"https:\/\/www.image7.fr\/en\/document\/cahier-de-tendance-20-01-23\/#breadcrumb\"},\"inLanguage\":\"fr-FR\",\"potentialAction\":[{\"@type\":\"ReadAction\",\"target\":[\"https:\/\/www.image7.fr\/en\/document\/cahier-de-tendance-20-01-23\/\"]}]},{\"@type\":\"ImageObject\",\"inLanguage\":\"fr-FR\",\"@id\":\"https:\/\/www.image7.fr\/en\/document\/cahier-de-tendance-20-01-23\/#primaryimage\",\"url\":\"https:\/\/images.pexels.com\/photos\/3771074\/pexels-photo-3771074.jpeg?auto=compress&amp;cs=tinysrgb&amp;w=1260&amp;h=750&amp;dpr=1\",\"contentUrl\":\"https:\/\/images.pexels.com\/photos\/3771074\/pexels-photo-3771074.jpeg?auto=compress&amp;cs=tinysrgb&amp;w=1260&amp;h=750&amp;dpr=1\"},{\"@type\":\"BreadcrumbList\",\"@id\":\"https:\/\/www.image7.fr\/en\/document\/cahier-de-tendance-20-01-23\/#breadcrumb\",\"itemListElement\":[{\"@type\":\"ListItem\",\"position\":1,\"name\":\"Accueil\",\"item\":\"https:\/\/www.image7.fr\/en\/\"},{\"@type\":\"ListItem\",\"position\":2,\"name\":\"Document\",\"item\":\"https:\/\/www.image7.fr\/en\/document\/\"},{\"@type\":\"ListItem\",\"position\":3,\"name\":\"R\u00e9formes\"}]},{\"@type\":\"WebSite\",\"@id\":\"https:\/\/www.image7.fr\/en\/#website\",\"url\":\"https:\/\/www.image7.fr\/en\/\",\"name\":\"Image Sept\",\"description\":\"Un site utilisant R\u00e9seau Image 7\",\"potentialAction\":[{\"@type\":\"SearchAction\",\"target\":{\"@type\":\"EntryPoint\",\"urlTemplate\":\"https:\/\/www.image7.fr\/en\/?s={search_term_string}\"},\"query-input\":{\"@type\":\"PropertyValueSpecification\",\"valueRequired\":true,\"valueName\":\"search_term_string\"}}],\"inLanguage\":\"fr-FR\"}]}<\/script>\n<!-- \/ Yoast SEO plugin. -->","yoast_head_json":{"title":"R\u00e9formes - Image Sept","robots":{"index":"index","follow":"follow","max-snippet":"max-snippet:-1","max-image-preview":"max-image-preview:large","max-video-preview":"max-video-preview:-1"},"canonical":"https:\/\/www.image7.fr\/en\/document\/cahier-de-tendance-20-01-23\/","og_locale":"fr_FR","og_type":"article","og_title":"R\u00e9formes - Image Sept","og_description":"CAHIER DE TENDANCE #121 | 20 JANVIER 2023 Il faudra bien s\u2019interroger un jour sur l\u2019utilisation faite \u00e0 tort et \u00e0 travers du mot \u00ab p\u00e9dagogie \u00bb, ce couteau-suisse de l\u2019argumentaire pour r\u00e9pondre aux crises. Durant plusieurs semaines, l\u2019ex\u00e9cutif a plaid\u00e9 en faveur d\u2019une \u00ab p\u00e9dagogie \u00bb accrue pour expliquer la r\u00e9forme des retraites. R\u00e9sultat [&hellip;]","og_url":"https:\/\/www.image7.fr\/en\/document\/cahier-de-tendance-20-01-23\/","og_site_name":"Image Sept","og_image":[{"url":"https:\/\/images.pexels.com\/photos\/3771074\/pexels-photo-3771074.jpeg?auto=compress&amp;cs=tinysrgb&amp;w=1260&amp;h=750&amp;dpr=1","type":"","width":"","height":""}],"twitter_misc":{"Dur\u00e9e de lecture estim\u00e9e":"3 minutes"},"schema":{"@context":"https:\/\/schema.org","@graph":[{"@type":"WebPage","@id":"https:\/\/www.image7.fr\/en\/document\/cahier-de-tendance-20-01-23\/","url":"https:\/\/www.image7.fr\/en\/document\/cahier-de-tendance-20-01-23\/","name":"R\u00e9formes - Image Sept","isPartOf":{"@id":"https:\/\/www.image7.fr\/en\/#website"},"primaryImageOfPage":{"@id":"https:\/\/www.image7.fr\/en\/document\/cahier-de-tendance-20-01-23\/#primaryimage"},"image":{"@id":"https:\/\/www.image7.fr\/en\/document\/cahier-de-tendance-20-01-23\/#primaryimage"},"thumbnailUrl":"https:\/\/images.pexels.com\/photos\/3771074\/pexels-photo-3771074.jpeg?auto=compress&amp;cs=tinysrgb&amp;w=1260&amp;h=750&amp;dpr=1","datePublished":"2023-01-20T10:30:07+00:00","breadcrumb":{"@id":"https:\/\/www.image7.fr\/en\/document\/cahier-de-tendance-20-01-23\/#breadcrumb"},"inLanguage":"fr-FR","potentialAction":[{"@type":"ReadAction","target":["https:\/\/www.image7.fr\/en\/document\/cahier-de-tendance-20-01-23\/"]}]},{"@type":"ImageObject","inLanguage":"fr-FR","@id":"https:\/\/www.image7.fr\/en\/document\/cahier-de-tendance-20-01-23\/#primaryimage","url":"https:\/\/images.pexels.com\/photos\/3771074\/pexels-photo-3771074.jpeg?auto=compress&amp;cs=tinysrgb&amp;w=1260&amp;h=750&amp;dpr=1","contentUrl":"https:\/\/images.pexels.com\/photos\/3771074\/pexels-photo-3771074.jpeg?auto=compress&amp;cs=tinysrgb&amp;w=1260&amp;h=750&amp;dpr=1"},{"@type":"BreadcrumbList","@id":"https:\/\/www.image7.fr\/en\/document\/cahier-de-tendance-20-01-23\/#breadcrumb","itemListElement":[{"@type":"ListItem","position":1,"name":"Accueil","item":"https:\/\/www.image7.fr\/en\/"},{"@type":"ListItem","position":2,"name":"Document","item":"https:\/\/www.image7.fr\/en\/document\/"},{"@type":"ListItem","position":3,"name":"R\u00e9formes"}]},{"@type":"WebSite","@id":"https:\/\/www.image7.fr\/en\/#website","url":"https:\/\/www.image7.fr\/en\/","name":"Image Sept","description":"Un site utilisant R\u00e9seau Image 7","potentialAction":[{"@type":"SearchAction","target":{"@type":"EntryPoint","urlTemplate":"https:\/\/www.image7.fr\/en\/?s={search_term_string}"},"query-input":{"@type":"PropertyValueSpecification","valueRequired":true,"valueName":"search_term_string"}}],"inLanguage":"fr-FR"}]}},"acf":[],"_links":{"self":[{"href":"https:\/\/www.image7.fr\/en\/wp-json\/wp\/v2\/document\/702","targetHints":{"allow":["GET"]}}],"collection":[{"href":"https:\/\/www.image7.fr\/en\/wp-json\/wp\/v2\/document"}],"about":[{"href":"https:\/\/www.image7.fr\/en\/wp-json\/wp\/v2\/types\/document"}],"wp:attachment":[{"href":"https:\/\/www.image7.fr\/en\/wp-json\/wp\/v2\/media?parent=702"}],"wp:term":[{"taxonomy":"categorie_documents","embeddable":true,"href":"https:\/\/www.image7.fr\/en\/wp-json\/wp\/v2\/categorie_documents?post=702"}],"curies":[{"name":"wp","href":"https:\/\/api.w.org\/{rel}","templated":true}]}}