{"id":744,"date":"2023-02-03T11:34:01","date_gmt":"2023-02-03T10:34:01","guid":{"rendered":"https:\/\/www.image7.fr\/?post_type=document&amp;p=744"},"modified":"2023-02-03T11:34:01","modified_gmt":"2023-02-03T10:34:01","slug":"cahier-de-tendance-27-01-23","status":"publish","type":"document","link":"https:\/\/www.image7.fr\/en\/document\/cahier-de-tendance-27-01-23\/","title":{"rendered":"Cobellig\u00e9rant"},"content":{"rendered":"<p>CAHIER DE TENDANCE #123 | 03 FEVRIER 2023<\/p>\n<p><img loading=\"lazy\" decoding=\"async\" class=\"alignleft\" src=\"https:\/\/images.pexels.com\/photos\/40820\/military-men-departing-service-uniform-40820.jpeg?auto=compress&amp;cs=tinysrgb&amp;w=1260&amp;h=750&amp;dpr=1\" alt=\"Gratuit Ligne De Soldats Walkin Photos\" width=\"310\" height=\"206\" \/>Cobellig\u00e9rant. Si l\u2019on reprend Le Robert, ce mot d\u00e9signe la poursuite d\u2019une guerre en coop\u00e9ration contre un ennemi commun sans trait\u00e9 formel d\u2019alliance militaire. Les cobellig\u00e9rants peuvent se soutenir mat\u00e9riellement, \u00e9changer des renseignements et avoir une coordination op\u00e9rationnelle limit\u00e9e. Voil\u00e0 pour la d\u00e9finition.<\/p>\n<p>&nbsp;<\/p>\n<p>Il y a bien longtemps que le vocabulaire politique a cess\u00e9 d\u2019appartenir \u00e0 des concessionnaires exclusifs. Jadis le terme \u00ab cobellig\u00e9rant \u00bb a \u00e9t\u00e9 forg\u00e9 puis employ\u00e9 pour d\u00e9signer d\u2019anciens \u00c9tats satellites et alli\u00e9s de l\u2019Allemagne durant la Seconde Guerre mondiale. Mais les temps ont chang\u00e9. Les mots et les id\u00e9es sont devenus nomades et passent indiff\u00e9remment les fronti\u00e8res politiques. Ainsi la cobellig\u00e9rance vient-elle \u00e0 nouveau de faire irruption sur la sc\u00e8ne publique pour qualifier, cette fois, les pays qui soutiennent l\u2019Ukraine face \u00e0 l\u2019agression russe. Quel est le motif de cette brusque apparition non d\u00e9pourvue d\u2019arri\u00e8re-pens\u00e9es qui secoue les opinions engourdies par une ann\u00e9e de guerre en Ukraine comme un malade se r\u00e9veille sous les claques de l\u2019anesth\u00e9siste ?<\/p>\n<p>&nbsp;<\/p>\n<p>Depuis un an, l\u2019Occident est au bord de franchir la ligne rouge au-del\u00e0 de laquelle il se trouvera en situation de cobellig\u00e9rance. L\u2019Ukraine a somm\u00e9 ses alli\u00e9s de \u00ab cesser de trembler devant Poutine \u00bb et a demand\u00e9 des chars lourds. Et notamment des chars Leclerc, des \u00e9quipements fran\u00e7ais. Volodymyr Zelenski est l\u00e0 dans son r\u00f4le quand il interpelle l\u2019Occident : \u00ab Je peux vous remercier des centaines de fois, mais les centaines de merci ne sont pas des centaines de chars \u00bb. Le commandement de l\u2019arm\u00e9e ukrainienne qui s\u2019est particuli\u00e8rement illustr\u00e9 dans ce conflit craint un retournement de situation. Il ne s\u2019agit pas d\u2019une crainte tactique. Ses g\u00e9n\u00e9raux soulignent que cet automne, l\u2019arm\u00e9e russe perdait du terrain et que, derni\u00e8rement, elle semble \u00eatre pass\u00e9e \u00e0 l\u2019offensive dans l\u2019Est du pays.<\/p>\n<p>&nbsp;<\/p>\n<p>Tous les strat\u00e8ges intervenant sur les plateaux de t\u00e9l\u00e9vision et les professeurs en droit international nous l\u2019affirment : livrer des armes ne constitue pas \u2013 ou plus \u2013 de la cobellig\u00e9rance. La preuve : la vente d\u2019armes est un march\u00e9 tr\u00e8s lucratif et des \u00c9tats comme la France font des livraisons d\u2019armes lourdes sans que l\u2019on consid\u00e8re pour autant qu\u2019ils participent directement \u00e0 un conflit arm\u00e9.<br \/>\nMais s\u2019agit-il ici d\u2019un enjeu juridique ou d\u2019un enjeu politique ? Suffit-il de r\u00e9p\u00e9ter que nous ne sommes pas en guerre pour convaincre l\u2019adversaire, surtout si ce dernier est un ma\u00eetre dans la mauvaise foi, le mensonge et la d\u00e9sinformation ? Peut-on parler d\u2019escalade militaire quand il n\u2019y a toujours pas de troupes am\u00e9ricaines, allemandes, fran\u00e7aises, anglaises ou polonaises en Ukraine ? Comme le rappelait derni\u00e8rement Jean-Louis Bourlanges, \u00ab il y a simplement une volont\u00e9 d&rsquo;aider un pays agress\u00e9 \u00e0 se d\u00e9fendre et \u00e0 ne pas le laisser mourir \u00bb.<\/p>\n","protected":false},"featured_media":0,"menu_order":1,"template":"","meta":{"_acf_changed":false},"categorie_documents":[37],"class_list":["post-744","document","type-document","status-publish","hentry","categorie_documents-cahier-de-tendances"],"yoast_head":"<!-- This site is optimized with the Yoast SEO plugin v27.1.1 - https:\/\/yoast.com\/product\/yoast-seo-wordpress\/ -->\n<title>Cobellig\u00e9rant - Image Sept<\/title>\n<meta name=\"robots\" content=\"index, follow, max-snippet:-1, max-image-preview:large, max-video-preview:-1\" \/>\n<link rel=\"canonical\" href=\"https:\/\/www.image7.fr\/en\/document\/cahier-de-tendance-27-01-23\/\" \/>\n<meta property=\"og:locale\" content=\"fr_FR\" \/>\n<meta property=\"og:type\" content=\"article\" \/>\n<meta property=\"og:title\" content=\"Cobellig\u00e9rant - Image Sept\" \/>\n<meta property=\"og:description\" content=\"CAHIER DE TENDANCE #123 | 03 FEVRIER 2023 Cobellig\u00e9rant. Si l\u2019on reprend Le Robert, ce mot d\u00e9signe la poursuite d\u2019une guerre en coop\u00e9ration contre un ennemi commun sans trait\u00e9 formel d\u2019alliance militaire. Les cobellig\u00e9rants peuvent se soutenir mat\u00e9riellement, \u00e9changer des renseignements et avoir une coordination op\u00e9rationnelle limit\u00e9e. Voil\u00e0 pour la d\u00e9finition. &nbsp; Il y a [&hellip;]\" \/>\n<meta property=\"og:url\" content=\"https:\/\/www.image7.fr\/en\/document\/cahier-de-tendance-27-01-23\/\" \/>\n<meta property=\"og:site_name\" content=\"Image Sept\" \/>\n<meta property=\"og:image\" content=\"https:\/\/images.pexels.com\/photos\/40820\/military-men-departing-service-uniform-40820.jpeg?auto=compress&amp;cs=tinysrgb&amp;w=1260&amp;h=750&amp;dpr=1\" \/>\n<meta name=\"twitter:label1\" content=\"Dur\u00e9e de lecture estim\u00e9e\" \/>\n\t<meta name=\"twitter:data1\" content=\"3 minutes\" \/>\n<script type=\"application\/ld+json\" class=\"yoast-schema-graph\">{\"@context\":\"https:\/\/schema.org\",\"@graph\":[{\"@type\":\"WebPage\",\"@id\":\"https:\/\/www.image7.fr\/en\/document\/cahier-de-tendance-27-01-23\/\",\"url\":\"https:\/\/www.image7.fr\/en\/document\/cahier-de-tendance-27-01-23\/\",\"name\":\"Cobellig\u00e9rant - Image Sept\",\"isPartOf\":{\"@id\":\"https:\/\/www.image7.fr\/en\/#website\"},\"primaryImageOfPage\":{\"@id\":\"https:\/\/www.image7.fr\/en\/document\/cahier-de-tendance-27-01-23\/#primaryimage\"},\"image\":{\"@id\":\"https:\/\/www.image7.fr\/en\/document\/cahier-de-tendance-27-01-23\/#primaryimage\"},\"thumbnailUrl\":\"https:\/\/images.pexels.com\/photos\/40820\/military-men-departing-service-uniform-40820.jpeg?auto=compress&amp;cs=tinysrgb&amp;w=1260&amp;h=750&amp;dpr=1\",\"datePublished\":\"2023-02-03T10:34:01+00:00\",\"breadcrumb\":{\"@id\":\"https:\/\/www.image7.fr\/en\/document\/cahier-de-tendance-27-01-23\/#breadcrumb\"},\"inLanguage\":\"fr-FR\",\"potentialAction\":[{\"@type\":\"ReadAction\",\"target\":[\"https:\/\/www.image7.fr\/en\/document\/cahier-de-tendance-27-01-23\/\"]}]},{\"@type\":\"ImageObject\",\"inLanguage\":\"fr-FR\",\"@id\":\"https:\/\/www.image7.fr\/en\/document\/cahier-de-tendance-27-01-23\/#primaryimage\",\"url\":\"https:\/\/images.pexels.com\/photos\/40820\/military-men-departing-service-uniform-40820.jpeg?auto=compress&amp;cs=tinysrgb&amp;w=1260&amp;h=750&amp;dpr=1\",\"contentUrl\":\"https:\/\/images.pexels.com\/photos\/40820\/military-men-departing-service-uniform-40820.jpeg?auto=compress&amp;cs=tinysrgb&amp;w=1260&amp;h=750&amp;dpr=1\"},{\"@type\":\"BreadcrumbList\",\"@id\":\"https:\/\/www.image7.fr\/en\/document\/cahier-de-tendance-27-01-23\/#breadcrumb\",\"itemListElement\":[{\"@type\":\"ListItem\",\"position\":1,\"name\":\"Accueil\",\"item\":\"https:\/\/www.image7.fr\/en\/\"},{\"@type\":\"ListItem\",\"position\":2,\"name\":\"Document\",\"item\":\"https:\/\/www.image7.fr\/en\/document\/\"},{\"@type\":\"ListItem\",\"position\":3,\"name\":\"Cobellig\u00e9rant\"}]},{\"@type\":\"WebSite\",\"@id\":\"https:\/\/www.image7.fr\/en\/#website\",\"url\":\"https:\/\/www.image7.fr\/en\/\",\"name\":\"Image Sept\",\"description\":\"Un site utilisant R\u00e9seau Image 7\",\"potentialAction\":[{\"@type\":\"SearchAction\",\"target\":{\"@type\":\"EntryPoint\",\"urlTemplate\":\"https:\/\/www.image7.fr\/en\/?s={search_term_string}\"},\"query-input\":{\"@type\":\"PropertyValueSpecification\",\"valueRequired\":true,\"valueName\":\"search_term_string\"}}],\"inLanguage\":\"fr-FR\"}]}<\/script>\n<!-- \/ Yoast SEO plugin. -->","yoast_head_json":{"title":"Cobellig\u00e9rant - Image Sept","robots":{"index":"index","follow":"follow","max-snippet":"max-snippet:-1","max-image-preview":"max-image-preview:large","max-video-preview":"max-video-preview:-1"},"canonical":"https:\/\/www.image7.fr\/en\/document\/cahier-de-tendance-27-01-23\/","og_locale":"fr_FR","og_type":"article","og_title":"Cobellig\u00e9rant - Image Sept","og_description":"CAHIER DE TENDANCE #123 | 03 FEVRIER 2023 Cobellig\u00e9rant. Si l\u2019on reprend Le Robert, ce mot d\u00e9signe la poursuite d\u2019une guerre en coop\u00e9ration contre un ennemi commun sans trait\u00e9 formel d\u2019alliance militaire. Les cobellig\u00e9rants peuvent se soutenir mat\u00e9riellement, \u00e9changer des renseignements et avoir une coordination op\u00e9rationnelle limit\u00e9e. Voil\u00e0 pour la d\u00e9finition. &nbsp; Il y a [&hellip;]","og_url":"https:\/\/www.image7.fr\/en\/document\/cahier-de-tendance-27-01-23\/","og_site_name":"Image Sept","og_image":[{"url":"https:\/\/images.pexels.com\/photos\/40820\/military-men-departing-service-uniform-40820.jpeg?auto=compress&amp;cs=tinysrgb&amp;w=1260&amp;h=750&amp;dpr=1","type":"","width":"","height":""}],"twitter_misc":{"Dur\u00e9e de lecture estim\u00e9e":"3 minutes"},"schema":{"@context":"https:\/\/schema.org","@graph":[{"@type":"WebPage","@id":"https:\/\/www.image7.fr\/en\/document\/cahier-de-tendance-27-01-23\/","url":"https:\/\/www.image7.fr\/en\/document\/cahier-de-tendance-27-01-23\/","name":"Cobellig\u00e9rant - Image Sept","isPartOf":{"@id":"https:\/\/www.image7.fr\/en\/#website"},"primaryImageOfPage":{"@id":"https:\/\/www.image7.fr\/en\/document\/cahier-de-tendance-27-01-23\/#primaryimage"},"image":{"@id":"https:\/\/www.image7.fr\/en\/document\/cahier-de-tendance-27-01-23\/#primaryimage"},"thumbnailUrl":"https:\/\/images.pexels.com\/photos\/40820\/military-men-departing-service-uniform-40820.jpeg?auto=compress&amp;cs=tinysrgb&amp;w=1260&amp;h=750&amp;dpr=1","datePublished":"2023-02-03T10:34:01+00:00","breadcrumb":{"@id":"https:\/\/www.image7.fr\/en\/document\/cahier-de-tendance-27-01-23\/#breadcrumb"},"inLanguage":"fr-FR","potentialAction":[{"@type":"ReadAction","target":["https:\/\/www.image7.fr\/en\/document\/cahier-de-tendance-27-01-23\/"]}]},{"@type":"ImageObject","inLanguage":"fr-FR","@id":"https:\/\/www.image7.fr\/en\/document\/cahier-de-tendance-27-01-23\/#primaryimage","url":"https:\/\/images.pexels.com\/photos\/40820\/military-men-departing-service-uniform-40820.jpeg?auto=compress&amp;cs=tinysrgb&amp;w=1260&amp;h=750&amp;dpr=1","contentUrl":"https:\/\/images.pexels.com\/photos\/40820\/military-men-departing-service-uniform-40820.jpeg?auto=compress&amp;cs=tinysrgb&amp;w=1260&amp;h=750&amp;dpr=1"},{"@type":"BreadcrumbList","@id":"https:\/\/www.image7.fr\/en\/document\/cahier-de-tendance-27-01-23\/#breadcrumb","itemListElement":[{"@type":"ListItem","position":1,"name":"Accueil","item":"https:\/\/www.image7.fr\/en\/"},{"@type":"ListItem","position":2,"name":"Document","item":"https:\/\/www.image7.fr\/en\/document\/"},{"@type":"ListItem","position":3,"name":"Cobellig\u00e9rant"}]},{"@type":"WebSite","@id":"https:\/\/www.image7.fr\/en\/#website","url":"https:\/\/www.image7.fr\/en\/","name":"Image Sept","description":"Un site utilisant R\u00e9seau Image 7","potentialAction":[{"@type":"SearchAction","target":{"@type":"EntryPoint","urlTemplate":"https:\/\/www.image7.fr\/en\/?s={search_term_string}"},"query-input":{"@type":"PropertyValueSpecification","valueRequired":true,"valueName":"search_term_string"}}],"inLanguage":"fr-FR"}]}},"acf":[],"_links":{"self":[{"href":"https:\/\/www.image7.fr\/en\/wp-json\/wp\/v2\/document\/744","targetHints":{"allow":["GET"]}}],"collection":[{"href":"https:\/\/www.image7.fr\/en\/wp-json\/wp\/v2\/document"}],"about":[{"href":"https:\/\/www.image7.fr\/en\/wp-json\/wp\/v2\/types\/document"}],"wp:attachment":[{"href":"https:\/\/www.image7.fr\/en\/wp-json\/wp\/v2\/media?parent=744"}],"wp:term":[{"taxonomy":"categorie_documents","embeddable":true,"href":"https:\/\/www.image7.fr\/en\/wp-json\/wp\/v2\/categorie_documents?post=744"}],"curies":[{"name":"wp","href":"https:\/\/api.w.org\/{rel}","templated":true}]}}