{"id":747,"date":"2022-12-09T15:40:59","date_gmt":"2022-12-09T14:40:59","guid":{"rendered":"https:\/\/www.image7.fr\/?post_type=document&amp;p=747"},"modified":"2022-12-09T15:40:59","modified_gmt":"2022-12-09T14:40:59","slug":"revue-de-presse-rse-09-12-22","status":"publish","type":"document","link":"https:\/\/www.image7.fr\/en\/document\/revue-de-presse-rse-09-12-22\/","title":{"rendered":"Entreprises fran\u00e7aises et environnement"},"content":{"rendered":"<p><img loading=\"lazy\" decoding=\"async\" class=\"alignleft\" src=\"https:\/\/images.pexels.com\/photos\/17205130\/pexels-photo-17205130\/free-photo-of-bois-nature-ete-jardin.jpeg?auto=compress&amp;cs=tinysrgb&amp;w=1260&amp;h=750&amp;dpr=1\" alt=\"Gratuit Photos gratuites de abstrait, arbre, arri\u00e8re-plan Photos\" width=\"311\" height=\"207\" \/>A l\u2019occasion de l\u2019ouverture de la COP15 Biodiversit\u00e9 \u00e0 Montr\u00e9al au Canada, la WBA (World Benchmarking Alliance) a publi\u00e9 une nouvelle \u00e9tude mesurant les efforts consentis par les 400 groupes mondiaux les plus influents pour prot\u00e9ger l\u2019environnement et la nature. C\u2019est le fran\u00e7ais Kering qui se place \u00e0 la premi\u00e8re place du classement tous secteurs confondus. Les groupes fran\u00e7ais Sanofi et Michelin se classent respectivement \u00e0 la 16\u00e8me et 35\u00e8me position.<\/p>\n<p>&nbsp;<\/p>\n<p>L\u2019\u00e9tude est d\u2019autant plus importante qu\u2019elle a point\u00e9 \u00e9galement l\u2019absence d\u2019\u00e9valuation bas\u00e9e sur la science de l\u2019impact de l\u2019activit\u00e9 des entreprises sur la nature et la biodiversit\u00e9 (science-based assessment) puisque seulement 5% de l\u2019\u00e9chantillon en r\u00e9alise. Ce chiffre montre que la d\u00e9fense de la biodiversit\u00e9 n\u2019est que marginalement prise en compte par les entreprises. Il tranche avec l\u2019importance accord\u00e9e \u00e0 la r\u00e9duction des \u00e9missions de gaz \u00e0 effet de serre. En effet, 80 % des soci\u00e9t\u00e9s du CAC40 ont d\u00e9fini une strat\u00e9gie climat SBTi (Science-Based Target initiative) visant \u00e0 r\u00e9duire leurs \u00e9missions de GES ou atteindre la neutralit\u00e9 carbone en 2050.<\/p>\n<p>&nbsp;<\/p>\n<p>Prot\u00e9ger la biodiversit\u00e9 est l\u2019autre fa\u00e7on de lutter contre l\u2019accroissement de la quantit\u00e9 de gaz \u00e0 effet de serre car les deux puits de carbone naturels capables de les absorber sont les oc\u00e9ans et les for\u00eats. Leur pr\u00e9servation est donc vital pour la sauvegarde de notre environnement.<\/p>\n<p>&nbsp;<\/p>\n","protected":false},"featured_media":0,"menu_order":0,"template":"","meta":{"_acf_changed":false},"categorie_documents":[38],"class_list":["post-747","document","type-document","status-publish","hentry","categorie_documents-syntheses-rse"],"yoast_head":"<!-- This site is optimized with the Yoast SEO plugin v27.1.1 - https:\/\/yoast.com\/product\/yoast-seo-wordpress\/ -->\n<title>Entreprises fran\u00e7aises et environnement - Image Sept<\/title>\n<meta name=\"robots\" content=\"index, follow, max-snippet:-1, max-image-preview:large, max-video-preview:-1\" \/>\n<link rel=\"canonical\" href=\"https:\/\/www.image7.fr\/en\/document\/revue-de-presse-rse-09-12-22\/\" \/>\n<meta property=\"og:locale\" content=\"fr_FR\" \/>\n<meta property=\"og:type\" content=\"article\" \/>\n<meta property=\"og:title\" content=\"Entreprises fran\u00e7aises et environnement - Image Sept\" \/>\n<meta property=\"og:description\" content=\"A l\u2019occasion de l\u2019ouverture de la COP15 Biodiversit\u00e9 \u00e0 Montr\u00e9al au Canada, la WBA (World Benchmarking Alliance) a publi\u00e9 une nouvelle \u00e9tude mesurant les efforts consentis par les 400 groupes mondiaux les plus influents pour prot\u00e9ger l\u2019environnement et la nature. C\u2019est le fran\u00e7ais Kering qui se place \u00e0 la premi\u00e8re place du classement tous secteurs [&hellip;]\" \/>\n<meta property=\"og:url\" content=\"https:\/\/www.image7.fr\/en\/document\/revue-de-presse-rse-09-12-22\/\" \/>\n<meta property=\"og:site_name\" content=\"Image Sept\" \/>\n<meta property=\"og:image\" content=\"https:\/\/images.pexels.com\/photos\/17205130\/pexels-photo-17205130\/free-photo-of-bois-nature-ete-jardin.jpeg?auto=compress&amp;cs=tinysrgb&amp;w=1260&amp;h=750&amp;dpr=1\" \/>\n<meta name=\"twitter:label1\" content=\"Dur\u00e9e de lecture estim\u00e9e\" \/>\n\t<meta name=\"twitter:data1\" content=\"2 minutes\" \/>\n<script type=\"application\/ld+json\" class=\"yoast-schema-graph\">{\"@context\":\"https:\/\/schema.org\",\"@graph\":[{\"@type\":\"WebPage\",\"@id\":\"https:\/\/www.image7.fr\/en\/document\/revue-de-presse-rse-09-12-22\/\",\"url\":\"https:\/\/www.image7.fr\/en\/document\/revue-de-presse-rse-09-12-22\/\",\"name\":\"Entreprises fran\u00e7aises et environnement - Image Sept\",\"isPartOf\":{\"@id\":\"https:\/\/www.image7.fr\/en\/#website\"},\"primaryImageOfPage\":{\"@id\":\"https:\/\/www.image7.fr\/en\/document\/revue-de-presse-rse-09-12-22\/#primaryimage\"},\"image\":{\"@id\":\"https:\/\/www.image7.fr\/en\/document\/revue-de-presse-rse-09-12-22\/#primaryimage\"},\"thumbnailUrl\":\"https:\/\/images.pexels.com\/photos\/17205130\/pexels-photo-17205130\/free-photo-of-bois-nature-ete-jardin.jpeg?auto=compress&amp;cs=tinysrgb&amp;w=1260&amp;h=750&amp;dpr=1\",\"datePublished\":\"2022-12-09T14:40:59+00:00\",\"breadcrumb\":{\"@id\":\"https:\/\/www.image7.fr\/en\/document\/revue-de-presse-rse-09-12-22\/#breadcrumb\"},\"inLanguage\":\"fr-FR\",\"potentialAction\":[{\"@type\":\"ReadAction\",\"target\":[\"https:\/\/www.image7.fr\/en\/document\/revue-de-presse-rse-09-12-22\/\"]}]},{\"@type\":\"ImageObject\",\"inLanguage\":\"fr-FR\",\"@id\":\"https:\/\/www.image7.fr\/en\/document\/revue-de-presse-rse-09-12-22\/#primaryimage\",\"url\":\"https:\/\/images.pexels.com\/photos\/17205130\/pexels-photo-17205130\/free-photo-of-bois-nature-ete-jardin.jpeg?auto=compress&amp;cs=tinysrgb&amp;w=1260&amp;h=750&amp;dpr=1\",\"contentUrl\":\"https:\/\/images.pexels.com\/photos\/17205130\/pexels-photo-17205130\/free-photo-of-bois-nature-ete-jardin.jpeg?auto=compress&amp;cs=tinysrgb&amp;w=1260&amp;h=750&amp;dpr=1\"},{\"@type\":\"BreadcrumbList\",\"@id\":\"https:\/\/www.image7.fr\/en\/document\/revue-de-presse-rse-09-12-22\/#breadcrumb\",\"itemListElement\":[{\"@type\":\"ListItem\",\"position\":1,\"name\":\"Accueil\",\"item\":\"https:\/\/www.image7.fr\/en\/\"},{\"@type\":\"ListItem\",\"position\":2,\"name\":\"Document\",\"item\":\"https:\/\/www.image7.fr\/en\/document\/\"},{\"@type\":\"ListItem\",\"position\":3,\"name\":\"Entreprises fran\u00e7aises et environnement\"}]},{\"@type\":\"WebSite\",\"@id\":\"https:\/\/www.image7.fr\/en\/#website\",\"url\":\"https:\/\/www.image7.fr\/en\/\",\"name\":\"Image Sept\",\"description\":\"Un site utilisant R\u00e9seau Image 7\",\"potentialAction\":[{\"@type\":\"SearchAction\",\"target\":{\"@type\":\"EntryPoint\",\"urlTemplate\":\"https:\/\/www.image7.fr\/en\/?s={search_term_string}\"},\"query-input\":{\"@type\":\"PropertyValueSpecification\",\"valueRequired\":true,\"valueName\":\"search_term_string\"}}],\"inLanguage\":\"fr-FR\"}]}<\/script>\n<!-- \/ Yoast SEO plugin. -->","yoast_head_json":{"title":"Entreprises fran\u00e7aises et environnement - Image Sept","robots":{"index":"index","follow":"follow","max-snippet":"max-snippet:-1","max-image-preview":"max-image-preview:large","max-video-preview":"max-video-preview:-1"},"canonical":"https:\/\/www.image7.fr\/en\/document\/revue-de-presse-rse-09-12-22\/","og_locale":"fr_FR","og_type":"article","og_title":"Entreprises fran\u00e7aises et environnement - Image Sept","og_description":"A l\u2019occasion de l\u2019ouverture de la COP15 Biodiversit\u00e9 \u00e0 Montr\u00e9al au Canada, la WBA (World Benchmarking Alliance) a publi\u00e9 une nouvelle \u00e9tude mesurant les efforts consentis par les 400 groupes mondiaux les plus influents pour prot\u00e9ger l\u2019environnement et la nature. C\u2019est le fran\u00e7ais Kering qui se place \u00e0 la premi\u00e8re place du classement tous secteurs [&hellip;]","og_url":"https:\/\/www.image7.fr\/en\/document\/revue-de-presse-rse-09-12-22\/","og_site_name":"Image Sept","og_image":[{"url":"https:\/\/images.pexels.com\/photos\/17205130\/pexels-photo-17205130\/free-photo-of-bois-nature-ete-jardin.jpeg?auto=compress&amp;cs=tinysrgb&amp;w=1260&amp;h=750&amp;dpr=1","type":"","width":"","height":""}],"twitter_misc":{"Dur\u00e9e de lecture estim\u00e9e":"2 minutes"},"schema":{"@context":"https:\/\/schema.org","@graph":[{"@type":"WebPage","@id":"https:\/\/www.image7.fr\/en\/document\/revue-de-presse-rse-09-12-22\/","url":"https:\/\/www.image7.fr\/en\/document\/revue-de-presse-rse-09-12-22\/","name":"Entreprises fran\u00e7aises et environnement - Image Sept","isPartOf":{"@id":"https:\/\/www.image7.fr\/en\/#website"},"primaryImageOfPage":{"@id":"https:\/\/www.image7.fr\/en\/document\/revue-de-presse-rse-09-12-22\/#primaryimage"},"image":{"@id":"https:\/\/www.image7.fr\/en\/document\/revue-de-presse-rse-09-12-22\/#primaryimage"},"thumbnailUrl":"https:\/\/images.pexels.com\/photos\/17205130\/pexels-photo-17205130\/free-photo-of-bois-nature-ete-jardin.jpeg?auto=compress&amp;cs=tinysrgb&amp;w=1260&amp;h=750&amp;dpr=1","datePublished":"2022-12-09T14:40:59+00:00","breadcrumb":{"@id":"https:\/\/www.image7.fr\/en\/document\/revue-de-presse-rse-09-12-22\/#breadcrumb"},"inLanguage":"fr-FR","potentialAction":[{"@type":"ReadAction","target":["https:\/\/www.image7.fr\/en\/document\/revue-de-presse-rse-09-12-22\/"]}]},{"@type":"ImageObject","inLanguage":"fr-FR","@id":"https:\/\/www.image7.fr\/en\/document\/revue-de-presse-rse-09-12-22\/#primaryimage","url":"https:\/\/images.pexels.com\/photos\/17205130\/pexels-photo-17205130\/free-photo-of-bois-nature-ete-jardin.jpeg?auto=compress&amp;cs=tinysrgb&amp;w=1260&amp;h=750&amp;dpr=1","contentUrl":"https:\/\/images.pexels.com\/photos\/17205130\/pexels-photo-17205130\/free-photo-of-bois-nature-ete-jardin.jpeg?auto=compress&amp;cs=tinysrgb&amp;w=1260&amp;h=750&amp;dpr=1"},{"@type":"BreadcrumbList","@id":"https:\/\/www.image7.fr\/en\/document\/revue-de-presse-rse-09-12-22\/#breadcrumb","itemListElement":[{"@type":"ListItem","position":1,"name":"Accueil","item":"https:\/\/www.image7.fr\/en\/"},{"@type":"ListItem","position":2,"name":"Document","item":"https:\/\/www.image7.fr\/en\/document\/"},{"@type":"ListItem","position":3,"name":"Entreprises fran\u00e7aises et environnement"}]},{"@type":"WebSite","@id":"https:\/\/www.image7.fr\/en\/#website","url":"https:\/\/www.image7.fr\/en\/","name":"Image Sept","description":"Un site utilisant R\u00e9seau Image 7","potentialAction":[{"@type":"SearchAction","target":{"@type":"EntryPoint","urlTemplate":"https:\/\/www.image7.fr\/en\/?s={search_term_string}"},"query-input":{"@type":"PropertyValueSpecification","valueRequired":true,"valueName":"search_term_string"}}],"inLanguage":"fr-FR"}]}},"acf":[],"_links":{"self":[{"href":"https:\/\/www.image7.fr\/en\/wp-json\/wp\/v2\/document\/747","targetHints":{"allow":["GET"]}}],"collection":[{"href":"https:\/\/www.image7.fr\/en\/wp-json\/wp\/v2\/document"}],"about":[{"href":"https:\/\/www.image7.fr\/en\/wp-json\/wp\/v2\/types\/document"}],"wp:attachment":[{"href":"https:\/\/www.image7.fr\/en\/wp-json\/wp\/v2\/media?parent=747"}],"wp:term":[{"taxonomy":"categorie_documents","embeddable":true,"href":"https:\/\/www.image7.fr\/en\/wp-json\/wp\/v2\/categorie_documents?post=747"}],"curies":[{"name":"wp","href":"https:\/\/api.w.org\/{rel}","templated":true}]}}