{"id":764,"date":"2022-12-28T18:34:54","date_gmt":"2022-12-28T17:34:54","guid":{"rendered":"https:\/\/www.image7.fr\/?post_type=document&amp;p=764"},"modified":"2022-12-28T18:34:54","modified_gmt":"2022-12-28T17:34:54","slug":"revue-de-presse-rse-12-01-23","status":"publish","type":"document","link":"https:\/\/www.image7.fr\/en\/document\/revue-de-presse-rse-12-01-23\/","title":{"rendered":"R\u00e9glementations et pouvoir d\u2019achat"},"content":{"rendered":"<p><img loading=\"lazy\" decoding=\"async\" class=\"alignleft\" src=\"https:\/\/images.pexels.com\/photos\/6591429\/pexels-photo-6591429.jpeg?auto=compress&amp;cs=tinysrgb&amp;w=1260&amp;h=750&amp;dpr=1\" alt=\"Gratuit Photos gratuites de conceptuel, conteneurs, d\u00e9chets Photos\" width=\"310\" height=\"465\" \/>L\u2019actualit\u00e9 apporte de nouvelles mesures favorables aux trois composantes de l\u2019ESG. Pour l\u2019environnement, l\u2019entr\u00e9e en vigueur de la loi Agec qui interdit les emballages jetables pour la consommation sur place dans la restauration rapide \u00e0 partir du 1er janvier 2023.<\/p>\n<p>&nbsp;<\/p>\n<p>Pour le social, un accompagnement \u00e0 la lutte contre les violences sexistes et sexuelles en entreprises men\u00e9 par le Centre d&rsquo;information sur les droits des femmes et des familles (CIDFF). Et pour la gouvernance, la nouvelle \u00e9dition du code Afep-Medef qui demande aux entreprises d\u2019assujettir au moins 20% de la r\u00e9mun\u00e9ration des dirigeants \u00e0 des crit\u00e8res ESG dont au moins un indicateur cl\u00e9 li\u00e9 aux objectifs climat de l\u2019entreprise.<\/p>\n<p>&nbsp;<\/p>\n<p>La vision des Fran\u00e7ais est plus nuanc\u00e9e comme le montre \u202fla r\u00e9cente enqu\u00eate de l\u2019Observatoire pour la consommation responsable (Obsoco) selon laquelle plus de sept personnes interrog\u00e9es sur dix consid\u00e8rent que les entreprises ne sont pas suffisamment impliqu\u00e9es dans les r\u00e9ponses \u00e0 la crise \u00e9cologique. En parall\u00e8le, les achats de produits bio ont baiss\u00e9 en 2022 et la fr\u00e9quentation des rayons vrac a chut\u00e9 de 20 \u00e0 30% cette ann\u00e9e selon R\u00e9seau Vrac. La r\u00e9glementation ne devrait pas suffire \u00e0 faire progresser la RSE si le pouvoir d\u2019achat ne suit pas<\/p>\n","protected":false},"featured_media":0,"menu_order":0,"template":"","meta":{"_acf_changed":false},"categorie_documents":[38],"class_list":["post-764","document","type-document","status-publish","hentry","categorie_documents-syntheses-rse"],"yoast_head":"<!-- This site is optimized with the Yoast SEO plugin v27.1.1 - https:\/\/yoast.com\/product\/yoast-seo-wordpress\/ -->\n<title>R\u00e9glementations et pouvoir d\u2019achat - Image Sept<\/title>\n<meta name=\"robots\" content=\"index, follow, max-snippet:-1, max-image-preview:large, max-video-preview:-1\" \/>\n<link rel=\"canonical\" href=\"https:\/\/www.image7.fr\/en\/document\/revue-de-presse-rse-12-01-23\/\" \/>\n<meta property=\"og:locale\" content=\"fr_FR\" \/>\n<meta property=\"og:type\" content=\"article\" \/>\n<meta property=\"og:title\" content=\"R\u00e9glementations et pouvoir d\u2019achat - Image Sept\" \/>\n<meta property=\"og:description\" content=\"L\u2019actualit\u00e9 apporte de nouvelles mesures favorables aux trois composantes de l\u2019ESG. Pour l\u2019environnement, l\u2019entr\u00e9e en vigueur de la loi Agec qui interdit les emballages jetables pour la consommation sur place dans la restauration rapide \u00e0 partir du 1er janvier 2023. &nbsp; Pour le social, un accompagnement \u00e0 la lutte contre les violences sexistes et sexuelles [&hellip;]\" \/>\n<meta property=\"og:url\" content=\"https:\/\/www.image7.fr\/en\/document\/revue-de-presse-rse-12-01-23\/\" \/>\n<meta property=\"og:site_name\" content=\"Image Sept\" \/>\n<meta property=\"og:image\" content=\"https:\/\/images.pexels.com\/photos\/6591429\/pexels-photo-6591429.jpeg?auto=compress&amp;cs=tinysrgb&amp;w=1260&amp;h=750&amp;dpr=1\" \/>\n<meta name=\"twitter:label1\" content=\"Dur\u00e9e de lecture estim\u00e9e\" \/>\n\t<meta name=\"twitter:data1\" content=\"2 minutes\" \/>\n<script type=\"application\/ld+json\" class=\"yoast-schema-graph\">{\"@context\":\"https:\/\/schema.org\",\"@graph\":[{\"@type\":\"WebPage\",\"@id\":\"https:\/\/www.image7.fr\/en\/document\/revue-de-presse-rse-12-01-23\/\",\"url\":\"https:\/\/www.image7.fr\/en\/document\/revue-de-presse-rse-12-01-23\/\",\"name\":\"R\u00e9glementations et pouvoir d\u2019achat - Image Sept\",\"isPartOf\":{\"@id\":\"https:\/\/www.image7.fr\/en\/#website\"},\"primaryImageOfPage\":{\"@id\":\"https:\/\/www.image7.fr\/en\/document\/revue-de-presse-rse-12-01-23\/#primaryimage\"},\"image\":{\"@id\":\"https:\/\/www.image7.fr\/en\/document\/revue-de-presse-rse-12-01-23\/#primaryimage\"},\"thumbnailUrl\":\"https:\/\/images.pexels.com\/photos\/6591429\/pexels-photo-6591429.jpeg?auto=compress&amp;cs=tinysrgb&amp;w=1260&amp;h=750&amp;dpr=1\",\"datePublished\":\"2022-12-28T17:34:54+00:00\",\"breadcrumb\":{\"@id\":\"https:\/\/www.image7.fr\/en\/document\/revue-de-presse-rse-12-01-23\/#breadcrumb\"},\"inLanguage\":\"fr-FR\",\"potentialAction\":[{\"@type\":\"ReadAction\",\"target\":[\"https:\/\/www.image7.fr\/en\/document\/revue-de-presse-rse-12-01-23\/\"]}]},{\"@type\":\"ImageObject\",\"inLanguage\":\"fr-FR\",\"@id\":\"https:\/\/www.image7.fr\/en\/document\/revue-de-presse-rse-12-01-23\/#primaryimage\",\"url\":\"https:\/\/images.pexels.com\/photos\/6591429\/pexels-photo-6591429.jpeg?auto=compress&amp;cs=tinysrgb&amp;w=1260&amp;h=750&amp;dpr=1\",\"contentUrl\":\"https:\/\/images.pexels.com\/photos\/6591429\/pexels-photo-6591429.jpeg?auto=compress&amp;cs=tinysrgb&amp;w=1260&amp;h=750&amp;dpr=1\"},{\"@type\":\"BreadcrumbList\",\"@id\":\"https:\/\/www.image7.fr\/en\/document\/revue-de-presse-rse-12-01-23\/#breadcrumb\",\"itemListElement\":[{\"@type\":\"ListItem\",\"position\":1,\"name\":\"Accueil\",\"item\":\"https:\/\/www.image7.fr\/en\/\"},{\"@type\":\"ListItem\",\"position\":2,\"name\":\"Document\",\"item\":\"https:\/\/www.image7.fr\/en\/document\/\"},{\"@type\":\"ListItem\",\"position\":3,\"name\":\"R\u00e9glementations et pouvoir d\u2019achat\"}]},{\"@type\":\"WebSite\",\"@id\":\"https:\/\/www.image7.fr\/en\/#website\",\"url\":\"https:\/\/www.image7.fr\/en\/\",\"name\":\"Image Sept\",\"description\":\"Un site utilisant R\u00e9seau Image 7\",\"potentialAction\":[{\"@type\":\"SearchAction\",\"target\":{\"@type\":\"EntryPoint\",\"urlTemplate\":\"https:\/\/www.image7.fr\/en\/?s={search_term_string}\"},\"query-input\":{\"@type\":\"PropertyValueSpecification\",\"valueRequired\":true,\"valueName\":\"search_term_string\"}}],\"inLanguage\":\"fr-FR\"}]}<\/script>\n<!-- \/ Yoast SEO plugin. -->","yoast_head_json":{"title":"R\u00e9glementations et pouvoir d\u2019achat - Image Sept","robots":{"index":"index","follow":"follow","max-snippet":"max-snippet:-1","max-image-preview":"max-image-preview:large","max-video-preview":"max-video-preview:-1"},"canonical":"https:\/\/www.image7.fr\/en\/document\/revue-de-presse-rse-12-01-23\/","og_locale":"fr_FR","og_type":"article","og_title":"R\u00e9glementations et pouvoir d\u2019achat - Image Sept","og_description":"L\u2019actualit\u00e9 apporte de nouvelles mesures favorables aux trois composantes de l\u2019ESG. Pour l\u2019environnement, l\u2019entr\u00e9e en vigueur de la loi Agec qui interdit les emballages jetables pour la consommation sur place dans la restauration rapide \u00e0 partir du 1er janvier 2023. &nbsp; Pour le social, un accompagnement \u00e0 la lutte contre les violences sexistes et sexuelles [&hellip;]","og_url":"https:\/\/www.image7.fr\/en\/document\/revue-de-presse-rse-12-01-23\/","og_site_name":"Image Sept","og_image":[{"url":"https:\/\/images.pexels.com\/photos\/6591429\/pexels-photo-6591429.jpeg?auto=compress&amp;cs=tinysrgb&amp;w=1260&amp;h=750&amp;dpr=1","type":"","width":"","height":""}],"twitter_misc":{"Dur\u00e9e de lecture estim\u00e9e":"2 minutes"},"schema":{"@context":"https:\/\/schema.org","@graph":[{"@type":"WebPage","@id":"https:\/\/www.image7.fr\/en\/document\/revue-de-presse-rse-12-01-23\/","url":"https:\/\/www.image7.fr\/en\/document\/revue-de-presse-rse-12-01-23\/","name":"R\u00e9glementations et pouvoir d\u2019achat - Image Sept","isPartOf":{"@id":"https:\/\/www.image7.fr\/en\/#website"},"primaryImageOfPage":{"@id":"https:\/\/www.image7.fr\/en\/document\/revue-de-presse-rse-12-01-23\/#primaryimage"},"image":{"@id":"https:\/\/www.image7.fr\/en\/document\/revue-de-presse-rse-12-01-23\/#primaryimage"},"thumbnailUrl":"https:\/\/images.pexels.com\/photos\/6591429\/pexels-photo-6591429.jpeg?auto=compress&amp;cs=tinysrgb&amp;w=1260&amp;h=750&amp;dpr=1","datePublished":"2022-12-28T17:34:54+00:00","breadcrumb":{"@id":"https:\/\/www.image7.fr\/en\/document\/revue-de-presse-rse-12-01-23\/#breadcrumb"},"inLanguage":"fr-FR","potentialAction":[{"@type":"ReadAction","target":["https:\/\/www.image7.fr\/en\/document\/revue-de-presse-rse-12-01-23\/"]}]},{"@type":"ImageObject","inLanguage":"fr-FR","@id":"https:\/\/www.image7.fr\/en\/document\/revue-de-presse-rse-12-01-23\/#primaryimage","url":"https:\/\/images.pexels.com\/photos\/6591429\/pexels-photo-6591429.jpeg?auto=compress&amp;cs=tinysrgb&amp;w=1260&amp;h=750&amp;dpr=1","contentUrl":"https:\/\/images.pexels.com\/photos\/6591429\/pexels-photo-6591429.jpeg?auto=compress&amp;cs=tinysrgb&amp;w=1260&amp;h=750&amp;dpr=1"},{"@type":"BreadcrumbList","@id":"https:\/\/www.image7.fr\/en\/document\/revue-de-presse-rse-12-01-23\/#breadcrumb","itemListElement":[{"@type":"ListItem","position":1,"name":"Accueil","item":"https:\/\/www.image7.fr\/en\/"},{"@type":"ListItem","position":2,"name":"Document","item":"https:\/\/www.image7.fr\/en\/document\/"},{"@type":"ListItem","position":3,"name":"R\u00e9glementations et pouvoir d\u2019achat"}]},{"@type":"WebSite","@id":"https:\/\/www.image7.fr\/en\/#website","url":"https:\/\/www.image7.fr\/en\/","name":"Image Sept","description":"Un site utilisant R\u00e9seau Image 7","potentialAction":[{"@type":"SearchAction","target":{"@type":"EntryPoint","urlTemplate":"https:\/\/www.image7.fr\/en\/?s={search_term_string}"},"query-input":{"@type":"PropertyValueSpecification","valueRequired":true,"valueName":"search_term_string"}}],"inLanguage":"fr-FR"}]}},"acf":[],"_links":{"self":[{"href":"https:\/\/www.image7.fr\/en\/wp-json\/wp\/v2\/document\/764","targetHints":{"allow":["GET"]}}],"collection":[{"href":"https:\/\/www.image7.fr\/en\/wp-json\/wp\/v2\/document"}],"about":[{"href":"https:\/\/www.image7.fr\/en\/wp-json\/wp\/v2\/types\/document"}],"wp:attachment":[{"href":"https:\/\/www.image7.fr\/en\/wp-json\/wp\/v2\/media?parent=764"}],"wp:term":[{"taxonomy":"categorie_documents","embeddable":true,"href":"https:\/\/www.image7.fr\/en\/wp-json\/wp\/v2\/categorie_documents?post=764"}],"curies":[{"name":"wp","href":"https:\/\/api.w.org\/{rel}","templated":true}]}}